{"id":2543,"date":"2025-07-29T18:03:25","date_gmt":"2025-07-29T16:03:25","guid":{"rendered":"https:\/\/derivalenta.com\/paraules-en-deriva\/"},"modified":"2026-05-09T19:11:54","modified_gmt":"2026-05-09T17:11:54","slug":"paraules-en-deriva","status":"publish","type":"page","link":"https:\/\/derivalenta.com\/va\/paraules-en-deriva\/","title":{"rendered":"Paraules en Deriva"},"content":{"rendered":"<p><div class=\"fusion-fullwidth fullwidth-box fusion-builder-row-1 fusion-flex-container has-pattern-background has-mask-background nonhundred-percent-fullwidth non-hundred-percent-height-scrolling fusion-no-small-visibility dl-grid-derivas\" style=\"--awb-border-radius-top-left:0px;--awb-border-radius-top-right:0px;--awb-border-radius-bottom-right:0px;--awb-border-radius-bottom-left:0px;--awb-flex-wrap:wrap;\" ><div class=\"fusion-builder-row fusion-row fusion-flex-align-items-flex-start fusion-flex-content-wrap\" style=\"max-width:1248px;margin-left: calc(-4% \/ 2 );margin-right: calc(-4% \/ 2 );\"><div class=\"fusion-layout-column fusion_builder_column fusion-builder-column-0 fusion_builder_column_1_1 1_1 fusion-flex-column\" style=\"--awb-bg-size:cover;--awb-width-large:100%;--awb-margin-top-large:0px;--awb-spacing-right-large:1.92%;--awb-margin-bottom-large:20px;--awb-spacing-left-large:1.92%;--awb-width-medium:100%;--awb-order-medium:0;--awb-spacing-right-medium:1.92%;--awb-spacing-left-medium:1.92%;--awb-width-small:100%;--awb-order-small:0;--awb-spacing-right-small:1.92%;--awb-spacing-left-small:1.92%;\"><div class=\"fusion-column-wrapper fusion-column-has-shadow fusion-flex-justify-content-flex-start fusion-content-layout-column\"><div class=\"fusion-text fusion-text-1\"><p><span style=\"font-size: 18pt;\">Hi ha llocs on la velocitat no importa, on la mirada s\u2019atura i el pensament troba el seu curs natural. \u201cParaules en Deriva\u201d \u00e9s eixe refugi: un espai on l\u2019escriptura viatja sense pressa, fluint com l\u2019aigua entre pedres, recollint hist\u00f2ries, emocions i preguntes al llarg del cam\u00ed. <\/span><\/p>\n<p><span style=\"font-size: 18pt;\">Ac\u00ed hi caben cr\u00f2niques de rutes, relats d\u2019albades i de capvespres, instants detinguts en la mem\u00f2ria, versos que brollen despr\u00e9s de pedalejar durant hores o de caminar sota la pluja. No hi ha un dest\u00ed fix, nom\u00e9s el plaer d\u2019escriure i de compartir el viatge interior que acompanya cada pas, cada pedalada, cada pausa davant del paisatge. <\/span><\/p>\n<p><span style=\"font-size: 18pt;\">Sent-te convidat a perdre\u2019t i a retrobar-te entre estes lletres, a llegir a poc a poc, a tornar quan vulgues. Perqu\u00e8 en la deriva, com en la vida lenta, all\u00f2 important no \u00e9s arribar, sin\u00f3 deixar-se portar per la paraula. <\/span><\/p>\n<\/div><div class=\"fusion-post-cards fusion-post-cards-1 fusion-grid-archive fusion-grid-columns-4\" style=\"--awb-column-spacing:50px;--awb-dots-align:center;--awb-filters-color:var(--awb-color8);--awb-active-filter-border-size:3px;--awb-filters-height:36px;--awb-columns-medium:25%;--awb-filters-alignment-medium:flex-start;--awb-filters-alignment-small:flex-start;\" data-post-type-label=\"posts\"><div><ul class=\"fusion-filters\" role=\"menu\" aria-label=\"Post Filters\"><li role=\"presentation\" class=\"fusion-filter fusion-filter-all fusion-active\"><a href=\"#\" data-filter=\"*\" role=\"menuitem\">Tot<\/a><\/li><li role=\"presentation\" class=\"fusion-filter fusion-hidden\"><a href=\"#\" data-filter=\".croniques-a-la-deriva\" role=\"menuitem\">Cr\u00f2niques a la Deriva<\/a><\/li><li role=\"presentation\" class=\"fusion-filter fusion-hidden\"><a href=\"#\" data-filter=\".darrere-la-deriva\" role=\"menuitem\">Darrere la Deriva<\/a><\/li><li role=\"presentation\" class=\"fusion-filter fusion-hidden\"><a href=\"#\" data-filter=\".reflexions-a-la-deriva\" role=\"menuitem\">Reflexions a la Deriva<\/a><\/li><\/ul><\/div><ul class=\"fusion-grid fusion-grid-4 fusion-flex-align-items-flex-start fusion-grid-posts-cards\"><li class=\"fusion-layout-column fusion_builder_column fusion-builder-column-1 fusion-flex-column post-card fusion-grid-column fusion-post-cards-grid-column croniques-a-la-deriva\" style=\"--awb-bg-blend:overlay;--awb-bg-size:cover;--awb-flex-grow:0;--awb-flex-shrink:0;--awb-flex-grow-medium:;--awb-flex-shrink-medium:;--awb-flex-grow-small:;--awb-flex-shrink-small:;\"><div class=\"fusion-column-wrapper fusion-flex-justify-content-flex-start fusion-content-layout-column\"><div class=\"fusion-image-element\" style=\"--awb-caption-title-font-family:var(--h2_typography-font-family);--awb-caption-title-font-weight:var(--h2_typography-font-weight);--awb-caption-title-font-style:var(--h2_typography-font-style);--awb-caption-title-size:var(--h2_typography-font-size);--awb-caption-title-transform:var(--h2_typography-text-transform);--awb-caption-title-line-height:var(--h2_typography-line-height);--awb-caption-title-letter-spacing:var(--h2_typography-letter-spacing);\"><span class=\" fusion-imageframe imageframe-none imageframe-1 hover-type-none\"><a class=\"fusion-no-lightbox\" href=\"https:\/\/derivalenta.com\/va\/de-tastet-per-territori-rodera\/\" target=\"_self\"><img decoding=\"async\" width=\"1024\" height=\"1024\" alt=\"Refugi de nit amb lightpainting\" src=\"https:\/\/derivalenta.com\/wp-content\/uploads\/2025\/08\/Refugio-de-noche-con-lightpainting.webp\" data-orig-src=\"https:\/\/derivalenta.com\/wp-content\/uploads\/2025\/08\/Refugio-de-noche-con-lightpainting.webp\" class=\"lazyload img-responsive wp-image-4539\" srcset=\"data:image\/svg+xml,%3Csvg%20xmlns%3D%27http%3A%2F%2Fwww.w3.org%2F2000%2Fsvg%27%20width%3D%271024%27%20height%3D%271024%27%20viewBox%3D%270%200%201024%201024%27%3E%3Crect%20width%3D%271024%27%20height%3D%271024%27%20fill-opacity%3D%220%22%2F%3E%3C%2Fsvg%3E\" data-srcset=\"https:\/\/derivalenta.com\/wp-content\/uploads\/2025\/08\/Refugio-de-noche-con-lightpainting-200x200.webp 200w, https:\/\/derivalenta.com\/wp-content\/uploads\/2025\/08\/Refugio-de-noche-con-lightpainting-400x400.webp 400w, https:\/\/derivalenta.com\/wp-content\/uploads\/2025\/08\/Refugio-de-noche-con-lightpainting-600x600.webp 600w, https:\/\/derivalenta.com\/wp-content\/uploads\/2025\/08\/Refugio-de-noche-con-lightpainting-800x800.webp 800w, https:\/\/derivalenta.com\/wp-content\/uploads\/2025\/08\/Refugio-de-noche-con-lightpainting.webp 1024w\" data-sizes=\"auto\" data-orig-sizes=\"(max-width: 640px) 100vw, 1024px\" \/><\/a><\/span><\/div><div class=\"fusion-title title fusion-title-1 fusion-sep-none fusion-title-text fusion-title-size-four\" style=\"--awb-margin-top-small:10px;--awb-margin-right-small:0px;--awb-margin-bottom-small:10px;--awb-margin-left-small:0px;\"><h4 class=\"fusion-title-heading title-heading-left\" style=\"margin:0;\">De tastet per territori Rodera<\/h4><\/div><div class=\"fusion-text fusion-text-2 clamped-excerpt\"><p>Si hi ha una ruta que fa temps que desitge rec\u00f3rrer, \u00e9s Rodera, el Cam\u00ed dels Assagadors. Per qu\u00e8? Perqu\u00e8 s\u00f3c valenci\u00e0. I, com a tal, admet amb un punt de rubor que encara no he explorat tots els tresors de la meua pr\u00f2pia terra. Rodera \u00e9s just aix\u00f2: l\u2019ocasi\u00f3 perfecta per endinsar-me en una d\u2019aquelles zones que encara em queden per assaborir i retrobar-me amb la bellesa d\u2019un territori que, per a mi, \u00e9s dels m\u00e9s bonics del m\u00f3n.    <\/p>\n<\/div><div class=\"fusion-text fusion-text-3\"><p>13\/08\/26<\/p>\n<\/div><div style=\"text-align:center;\"><a class=\"fusion-button button-flat fusion-button-default-size button-default fusion-button-default button-1 fusion-button-default-span fusion-button-default-type\" target=\"_self\" href=\"https:\/\/derivalenta.com\/va\/de-tastet-per-territori-rodera\/\"><span class=\"fusion-button-text awb-button__text awb-button__text--default\">Anar a la Deriva<\/span><\/a><\/div><\/div><\/li>\n<li class=\"fusion-layout-column fusion_builder_column fusion-builder-column-2 fusion-flex-column post-card fusion-grid-column fusion-post-cards-grid-column croniques-a-la-deriva\" style=\"--awb-bg-blend:overlay;--awb-bg-size:cover;--awb-flex-grow:0;--awb-flex-shrink:0;--awb-flex-grow-medium:;--awb-flex-shrink-medium:;--awb-flex-grow-small:;--awb-flex-shrink-small:;\"><div class=\"fusion-column-wrapper fusion-flex-justify-content-flex-start fusion-content-layout-column\"><div class=\"fusion-image-element\" style=\"--awb-caption-title-font-family:var(--h2_typography-font-family);--awb-caption-title-font-weight:var(--h2_typography-font-weight);--awb-caption-title-font-style:var(--h2_typography-font-style);--awb-caption-title-size:var(--h2_typography-font-size);--awb-caption-title-transform:var(--h2_typography-text-transform);--awb-caption-title-line-height:var(--h2_typography-line-height);--awb-caption-title-letter-spacing:var(--h2_typography-letter-spacing);\"><span class=\" fusion-imageframe imageframe-none imageframe-2 hover-type-none\"><a class=\"fusion-no-lightbox\" href=\"https:\/\/derivalenta.com\/va\/mustang-mes-enlla-del-thorong-la\/\" target=\"_self\"><img decoding=\"async\" width=\"1024\" height=\"1024\" alt=\"Bicicleta recolzada al costat del cartell del Thorong La\" src=\"https:\/\/derivalenta.com\/wp-content\/uploads\/2026\/07\/Bicicleta-apoyada-junto-al-cartel-de-Thorong-La-portada.webp\" data-orig-src=\"https:\/\/derivalenta.com\/wp-content\/uploads\/2026\/07\/Bicicleta-apoyada-junto-al-cartel-de-Thorong-La-portada.webp\" class=\"lazyload img-responsive wp-image-7221\" srcset=\"data:image\/svg+xml,%3Csvg%20xmlns%3D%27http%3A%2F%2Fwww.w3.org%2F2000%2Fsvg%27%20width%3D%271024%27%20height%3D%271024%27%20viewBox%3D%270%200%201024%201024%27%3E%3Crect%20width%3D%271024%27%20height%3D%271024%27%20fill-opacity%3D%220%22%2F%3E%3C%2Fsvg%3E\" data-srcset=\"https:\/\/derivalenta.com\/wp-content\/uploads\/2026\/07\/Bicicleta-apoyada-junto-al-cartel-de-Thorong-La-portada-200x200.webp 200w, https:\/\/derivalenta.com\/wp-content\/uploads\/2026\/07\/Bicicleta-apoyada-junto-al-cartel-de-Thorong-La-portada-400x400.webp 400w, https:\/\/derivalenta.com\/wp-content\/uploads\/2026\/07\/Bicicleta-apoyada-junto-al-cartel-de-Thorong-La-portada-600x600.webp 600w, https:\/\/derivalenta.com\/wp-content\/uploads\/2026\/07\/Bicicleta-apoyada-junto-al-cartel-de-Thorong-La-portada-800x800.webp 800w, https:\/\/derivalenta.com\/wp-content\/uploads\/2026\/07\/Bicicleta-apoyada-junto-al-cartel-de-Thorong-La-portada.webp 1024w\" data-sizes=\"auto\" data-orig-sizes=\"(max-width: 640px) 100vw, 1024px\" \/><\/a><\/span><\/div><div class=\"fusion-title title fusion-title-2 fusion-sep-none fusion-title-text fusion-title-size-four\" style=\"--awb-margin-top-small:10px;--awb-margin-right-small:0px;--awb-margin-bottom-small:10px;--awb-margin-left-small:0px;\"><h4 class=\"fusion-title-heading title-heading-left\" style=\"margin:0;\">Mustang. M\u00e9s enll\u00e0 del Thorong La<\/h4><\/div><div class=\"fusion-text fusion-text-4 clamped-excerpt\"><p>Hi ha viatges que comencen molt abans de la primera pedalada.<br\/>A vegades naixen d\u2019una conversa. Altres, d\u2019una fotografia oblidada. En el cas de Ramon i Mariona, tot va comen\u00e7ar amb una d\u2019aquelles casualitats que alguns anomenen senyals.  <\/p>\n<p>A l'octubre de 2025, un v\u00eddeo sobre un viatge pels Annapurnes va apar\u00e9ixer per casualitat a YouTube. Pocs dies despr\u00e9s, Google els recordava fotografies d'un viatge al Nepal fet disset anys abans. Sense adonar-se'n, un nom tornava a apar\u00e9ixer a l'horitz\u00f3: Thorong La Pass.  <\/p>\n<\/div><div class=\"fusion-text fusion-text-5\"><p>08\/07\/26<\/p>\n<\/div><div style=\"text-align:center;\"><a class=\"fusion-button button-flat fusion-button-default-size button-default fusion-button-default button-2 fusion-button-default-span fusion-button-default-type\" target=\"_self\" href=\"https:\/\/derivalenta.com\/va\/mustang-mes-enlla-del-thorong-la\/\"><span class=\"fusion-button-text awb-button__text awb-button__text--default\">Anar a la Deriva<\/span><\/a><\/div><\/div><\/li>\n<li class=\"fusion-layout-column fusion_builder_column fusion-builder-column-3 fusion-flex-column post-card fusion-grid-column fusion-post-cards-grid-column croniques-a-la-deriva\" style=\"--awb-bg-blend:overlay;--awb-bg-size:cover;--awb-flex-grow:0;--awb-flex-shrink:0;--awb-flex-grow-medium:;--awb-flex-shrink-medium:;--awb-flex-grow-small:;--awb-flex-shrink-small:;\"><div class=\"fusion-column-wrapper fusion-flex-justify-content-flex-start fusion-content-layout-column\"><div class=\"fusion-image-element\" style=\"--awb-caption-title-font-family:var(--h2_typography-font-family);--awb-caption-title-font-weight:var(--h2_typography-font-weight);--awb-caption-title-font-style:var(--h2_typography-font-style);--awb-caption-title-size:var(--h2_typography-font-size);--awb-caption-title-transform:var(--h2_typography-text-transform);--awb-caption-title-line-height:var(--h2_typography-line-height);--awb-caption-title-letter-spacing:var(--h2_typography-letter-spacing);\"><span class=\" fusion-imageframe imageframe-none imageframe-3 hover-type-none\"><a class=\"fusion-no-lightbox\" href=\"https:\/\/derivalenta.com\/va\/una-trans-germany-a-la-deriva\/\" target=\"_self\"><img decoding=\"async\" width=\"1024\" height=\"1024\" alt=\"Cicloturista davant d&#039;un portal a Berl\u00edn amb bicicleta de gravel i alforges de bikepacking\" src=\"https:\/\/derivalenta.com\/wp-content\/uploads\/2025\/10\/Una-Trans-Germany-a-la-Deriva.webp\" data-orig-src=\"https:\/\/derivalenta.com\/wp-content\/uploads\/2025\/10\/Una-Trans-Germany-a-la-Deriva.webp\" class=\"lazyload img-responsive wp-image-6665\" srcset=\"data:image\/svg+xml,%3Csvg%20xmlns%3D%27http%3A%2F%2Fwww.w3.org%2F2000%2Fsvg%27%20width%3D%271024%27%20height%3D%271024%27%20viewBox%3D%270%200%201024%201024%27%3E%3Crect%20width%3D%271024%27%20height%3D%271024%27%20fill-opacity%3D%220%22%2F%3E%3C%2Fsvg%3E\" data-srcset=\"https:\/\/derivalenta.com\/wp-content\/uploads\/2025\/10\/Una-Trans-Germany-a-la-Deriva-200x200.webp 200w, https:\/\/derivalenta.com\/wp-content\/uploads\/2025\/10\/Una-Trans-Germany-a-la-Deriva-400x400.webp 400w, https:\/\/derivalenta.com\/wp-content\/uploads\/2025\/10\/Una-Trans-Germany-a-la-Deriva-600x600.webp 600w, https:\/\/derivalenta.com\/wp-content\/uploads\/2025\/10\/Una-Trans-Germany-a-la-Deriva-800x800.webp 800w, https:\/\/derivalenta.com\/wp-content\/uploads\/2025\/10\/Una-Trans-Germany-a-la-Deriva.webp 1024w\" data-sizes=\"auto\" data-orig-sizes=\"(max-width: 640px) 100vw, 1024px\" \/><\/a><\/span><\/div><div class=\"fusion-title title fusion-title-3 fusion-sep-none fusion-title-text fusion-title-size-four\" style=\"--awb-margin-top-small:10px;--awb-margin-right-small:0px;--awb-margin-bottom-small:10px;--awb-margin-left-small:0px;\"><h4 class=\"fusion-title-heading title-heading-left\" style=\"margin:0;\">Una Trans Germany a la Deriva<\/h4><\/div><div class=\"fusion-text fusion-text-6 clamped-excerpt\"><p>A mitjan 2019 vaig trobar un text a internet que em va despertar una curiositat profunda:\n\u201cLa Bikepacking Trans Germany (BTG), de 1.600 quil\u00f2metres, recorre el sud-oest i el nord-est del pa\u00eds i va ser dissenyada per travessar les zones m\u00e9s belles i desconegudes de l\u2019interior alemany. La BTG discorre per pistes de grava r\u00e0pides, intercalades amb trams t\u00e8cnics que permeten explorar els racons m\u00e9s salvatges i remots d\u2019Alemanya, plens d\u2019hist\u00f2ria per a qui es pren el temps de mirar.\u201d<\/p>\n<\/div><div class=\"fusion-text fusion-text-7\"><p>28\/05\/26<\/p>\n<\/div><div style=\"text-align:center;\"><a class=\"fusion-button button-flat fusion-button-default-size button-default fusion-button-default button-3 fusion-button-default-span fusion-button-default-type\" target=\"_self\" href=\"https:\/\/derivalenta.com\/va\/una-trans-germany-a-la-deriva\/\"><span class=\"fusion-button-text awb-button__text awb-button__text--default\">Anar a la Deriva<\/span><\/a><\/div><\/div><\/li>\n<li class=\"fusion-layout-column fusion_builder_column fusion-builder-column-4 fusion-flex-column post-card fusion-grid-column fusion-post-cards-grid-column croniques-a-la-deriva\" style=\"--awb-bg-blend:overlay;--awb-bg-size:cover;--awb-flex-grow:0;--awb-flex-shrink:0;--awb-flex-grow-medium:;--awb-flex-shrink-medium:;--awb-flex-grow-small:;--awb-flex-shrink-small:;\"><div class=\"fusion-column-wrapper fusion-flex-justify-content-flex-start fusion-content-layout-column\"><div class=\"fusion-image-element\" style=\"--awb-caption-title-font-family:var(--h2_typography-font-family);--awb-caption-title-font-weight:var(--h2_typography-font-weight);--awb-caption-title-font-style:var(--h2_typography-font-style);--awb-caption-title-size:var(--h2_typography-font-size);--awb-caption-title-transform:var(--h2_typography-text-transform);--awb-caption-title-line-height:var(--h2_typography-line-height);--awb-caption-title-letter-spacing:var(--h2_typography-letter-spacing);\"><span class=\" fusion-imageframe imageframe-none imageframe-4 hover-type-none\"><a class=\"fusion-no-lightbox\" href=\"https:\/\/derivalenta.com\/va\/cap-de-setmana-pel-montsec\/\" target=\"_self\"><img decoding=\"async\" width=\"1024\" height=\"1024\" alt=\"Ciclistes descansant en una entrada en arc de pedra\" src=\"https:\/\/derivalenta.com\/wp-content\/uploads\/2025\/08\/Fin-de-semana-por-el-Montsec.webp\" data-orig-src=\"https:\/\/derivalenta.com\/wp-content\/uploads\/2025\/08\/Fin-de-semana-por-el-Montsec.webp\" class=\"lazyload img-responsive wp-image-3576\" srcset=\"data:image\/svg+xml,%3Csvg%20xmlns%3D%27http%3A%2F%2Fwww.w3.org%2F2000%2Fsvg%27%20width%3D%271024%27%20height%3D%271024%27%20viewBox%3D%270%200%201024%201024%27%3E%3Crect%20width%3D%271024%27%20height%3D%271024%27%20fill-opacity%3D%220%22%2F%3E%3C%2Fsvg%3E\" data-srcset=\"https:\/\/derivalenta.com\/wp-content\/uploads\/2025\/08\/Fin-de-semana-por-el-Montsec-200x200.webp 200w, https:\/\/derivalenta.com\/wp-content\/uploads\/2025\/08\/Fin-de-semana-por-el-Montsec-400x400.webp 400w, https:\/\/derivalenta.com\/wp-content\/uploads\/2025\/08\/Fin-de-semana-por-el-Montsec-600x600.webp 600w, https:\/\/derivalenta.com\/wp-content\/uploads\/2025\/08\/Fin-de-semana-por-el-Montsec-800x800.webp 800w, https:\/\/derivalenta.com\/wp-content\/uploads\/2025\/08\/Fin-de-semana-por-el-Montsec.webp 1024w\" data-sizes=\"auto\" data-orig-sizes=\"(max-width: 640px) 100vw, 1024px\" \/><\/a><\/span><\/div><div class=\"fusion-title title fusion-title-4 fusion-sep-none fusion-title-text fusion-title-size-four\" style=\"--awb-margin-top-small:10px;--awb-margin-right-small:0px;--awb-margin-bottom-small:10px;--awb-margin-left-small:0px;\"><h4 class=\"fusion-title-heading title-heading-left\" style=\"margin:0;\">Cap de setmana pel Montsec<\/h4><\/div><div class=\"fusion-text fusion-text-8 clamped-excerpt\"><p>M\u2019agrada pedalejar a soles. \u00c9s un h\u00e0bit que m\u2019aporta calma, claredat i una sensaci\u00f3 d\u2019equilibri dif\u00edcil de trobar en el soroll quotidi\u00e0. Alguns d\u2019aquests beneficis ja els he contat en aquesta Deriva.\nViatjar a soles em dona pau. Puc deixar-me portar pel meu propi ritme, sense distraccions, sense haver de negociar condicions. Si em ve de gust parar, pare. Si tinc fam, menge. Si el cos em demana descans, acampe.      <\/p>\n<\/div><div class=\"fusion-text fusion-text-9\"><p>26\/04\/26<\/p>\n<\/div><div style=\"text-align:center;\"><a class=\"fusion-button button-flat fusion-button-default-size button-default fusion-button-default button-4 fusion-button-default-span fusion-button-default-type\" target=\"_self\" href=\"https:\/\/derivalenta.com\/va\/cap-de-setmana-pel-montsec\/\"><span class=\"fusion-button-text awb-button__text awb-button__text--default\">Anar a la Deriva<\/span><\/a><\/div><\/div><\/li>\n<li class=\"fusion-layout-column fusion_builder_column fusion-builder-column-5 fusion-flex-column post-card fusion-grid-column fusion-post-cards-grid-column croniques-a-la-deriva\" style=\"--awb-bg-blend:overlay;--awb-bg-size:cover;--awb-flex-grow:0;--awb-flex-shrink:0;--awb-flex-grow-medium:;--awb-flex-shrink-medium:;--awb-flex-grow-small:;--awb-flex-shrink-small:;\"><div class=\"fusion-column-wrapper fusion-flex-justify-content-flex-start fusion-content-layout-column\"><div class=\"fusion-image-element\" style=\"--awb-caption-title-font-family:var(--h2_typography-font-family);--awb-caption-title-font-weight:var(--h2_typography-font-weight);--awb-caption-title-font-style:var(--h2_typography-font-style);--awb-caption-title-size:var(--h2_typography-font-size);--awb-caption-title-transform:var(--h2_typography-text-transform);--awb-caption-title-line-height:var(--h2_typography-line-height);--awb-caption-title-letter-spacing:var(--h2_typography-letter-spacing);\"><span class=\" fusion-imageframe imageframe-none imageframe-5 hover-type-none\"><a class=\"fusion-no-lightbox\" href=\"https:\/\/derivalenta.com\/va\/el-silenci-que-no-buscava\/\" target=\"_self\"><img decoding=\"async\" width=\"2048\" height=\"2048\" alt=\"Cartell que indica una zona lliure d\u2019estr\u00e9s\" src=\"https:\/\/derivalenta.com\/wp-content\/uploads\/2026\/03\/Cartel-indicando-zona-libre-de-estres.webp\" data-orig-src=\"https:\/\/derivalenta.com\/wp-content\/uploads\/2026\/03\/Cartel-indicando-zona-libre-de-estres.webp\" class=\"lazyload img-responsive wp-image-6321\" srcset=\"data:image\/svg+xml,%3Csvg%20xmlns%3D%27http%3A%2F%2Fwww.w3.org%2F2000%2Fsvg%27%20width%3D%272048%27%20height%3D%272048%27%20viewBox%3D%270%200%202048%202048%27%3E%3Crect%20width%3D%272048%27%20height%3D%272048%27%20fill-opacity%3D%220%22%2F%3E%3C%2Fsvg%3E\" data-srcset=\"https:\/\/derivalenta.com\/wp-content\/uploads\/2026\/03\/Cartel-indicando-zona-libre-de-estres-200x200.webp 200w, https:\/\/derivalenta.com\/wp-content\/uploads\/2026\/03\/Cartel-indicando-zona-libre-de-estres-400x400.webp 400w, https:\/\/derivalenta.com\/wp-content\/uploads\/2026\/03\/Cartel-indicando-zona-libre-de-estres-600x600.webp 600w, https:\/\/derivalenta.com\/wp-content\/uploads\/2026\/03\/Cartel-indicando-zona-libre-de-estres-800x800.webp 800w, https:\/\/derivalenta.com\/wp-content\/uploads\/2026\/03\/Cartel-indicando-zona-libre-de-estres-1200x1200.webp 1200w, https:\/\/derivalenta.com\/wp-content\/uploads\/2026\/03\/Cartel-indicando-zona-libre-de-estres.webp 2048w\" data-sizes=\"auto\" data-orig-sizes=\"(max-width: 640px) 100vw, 2048px\" \/><\/a><\/span><\/div><div class=\"fusion-title title fusion-title-5 fusion-sep-none fusion-title-text fusion-title-size-four\" style=\"--awb-margin-top-small:10px;--awb-margin-right-small:0px;--awb-margin-bottom-small:10px;--awb-margin-left-small:0px;\"><h4 class=\"fusion-title-heading title-heading-left\" style=\"margin:0;\">El silenci que no buscava<\/h4><\/div><div class=\"fusion-text fusion-text-10 clamped-excerpt\"><p>Diuen que hi ha llocs on un es queda, i llocs que es queden dins d\u2019un.<br\/>D\u2019aix\u00f2 va aquesta Deriva.<br\/>Hi ha moments en qu\u00e8 el cam\u00ed deixa de ser moviment i es converteix en pausa. No perqu\u00e8 un ho busque, sin\u00f3 perqu\u00e8 alguna cosa dins demana aturar-se.<br\/>DL Slow no deixa de sorprendre\u2019m.<br\/>Hi ha tant per descobrir en els seus m\u00e9s de 800 quil\u00f2metres que fins i tot jo, que la rec\u00f3rrec des de dins, continue trobant racons que no esperava.<br\/>Aquest va ser un d\u2019ells.<br\/>Vaig arribar amb bones refer\u00e8ncies, per\u00f2 sense imaginar fins a quin punt aquell lloc m\u2019anava a detindre. A vegades no sabem que ho necessitem fins que ja hi som.  <\/p>\n<\/div><div class=\"fusion-text fusion-text-11\"><p>29\/03\/26<\/p>\n<\/div><div style=\"text-align:center;\"><a class=\"fusion-button button-flat fusion-button-default-size button-default fusion-button-default button-5 fusion-button-default-span fusion-button-default-type\" target=\"_self\" href=\"https:\/\/derivalenta.com\/va\/el-silenci-que-no-buscava\/\"><span class=\"fusion-button-text awb-button__text awb-button__text--default\">Anar a la Deriva<\/span><\/a><\/div><\/div><\/li>\n<li class=\"fusion-layout-column fusion_builder_column fusion-builder-column-6 fusion-flex-column post-card fusion-grid-column fusion-post-cards-grid-column darrere-la-deriva\" style=\"--awb-bg-blend:overlay;--awb-bg-size:cover;--awb-flex-grow:0;--awb-flex-shrink:0;--awb-flex-grow-medium:;--awb-flex-shrink-medium:;--awb-flex-grow-small:;--awb-flex-shrink-small:;\"><div class=\"fusion-column-wrapper fusion-flex-justify-content-flex-start fusion-content-layout-column\"><div class=\"fusion-image-element\" style=\"--awb-caption-title-font-family:var(--h2_typography-font-family);--awb-caption-title-font-weight:var(--h2_typography-font-weight);--awb-caption-title-font-style:var(--h2_typography-font-style);--awb-caption-title-size:var(--h2_typography-font-size);--awb-caption-title-transform:var(--h2_typography-text-transform);--awb-caption-title-line-height:var(--h2_typography-line-height);--awb-caption-title-letter-spacing:var(--h2_typography-letter-spacing);\"><span class=\" fusion-imageframe imageframe-none imageframe-6 hover-type-none\"><a class=\"fusion-no-lightbox\" href=\"https:\/\/derivalenta.com\/va\/slowletter-de-veritat-doncs-si-tal-qual\/\" target=\"_self\"><img decoding=\"async\" width=\"1024\" height=\"1024\" alt=\"Llibreta amb un text escrit a m\u00e0 amb dos bol\u00edgrafs i un estoig\" src=\"https:\/\/derivalenta.com\/wp-content\/uploads\/2025\/11\/Libreta-con-un-texto-escrito-a-mano-junto-a-dos-boligrafos-y-un-estuche.webp\" data-orig-src=\"https:\/\/derivalenta.com\/wp-content\/uploads\/2025\/11\/Libreta-con-un-texto-escrito-a-mano-junto-a-dos-boligrafos-y-un-estuche.webp\" class=\"lazyload img-responsive wp-image-4628\" srcset=\"data:image\/svg+xml,%3Csvg%20xmlns%3D%27http%3A%2F%2Fwww.w3.org%2F2000%2Fsvg%27%20width%3D%271024%27%20height%3D%271024%27%20viewBox%3D%270%200%201024%201024%27%3E%3Crect%20width%3D%271024%27%20height%3D%271024%27%20fill-opacity%3D%220%22%2F%3E%3C%2Fsvg%3E\" data-srcset=\"https:\/\/derivalenta.com\/wp-content\/uploads\/2025\/11\/Libreta-con-un-texto-escrito-a-mano-junto-a-dos-boligrafos-y-un-estuche-200x200.webp 200w, https:\/\/derivalenta.com\/wp-content\/uploads\/2025\/11\/Libreta-con-un-texto-escrito-a-mano-junto-a-dos-boligrafos-y-un-estuche-400x400.webp 400w, https:\/\/derivalenta.com\/wp-content\/uploads\/2025\/11\/Libreta-con-un-texto-escrito-a-mano-junto-a-dos-boligrafos-y-un-estuche-600x600.webp 600w, https:\/\/derivalenta.com\/wp-content\/uploads\/2025\/11\/Libreta-con-un-texto-escrito-a-mano-junto-a-dos-boligrafos-y-un-estuche-800x800.webp 800w, https:\/\/derivalenta.com\/wp-content\/uploads\/2025\/11\/Libreta-con-un-texto-escrito-a-mano-junto-a-dos-boligrafos-y-un-estuche.webp 1024w\" data-sizes=\"auto\" data-orig-sizes=\"(max-width: 640px) 100vw, 1024px\" \/><\/a><\/span><\/div><div class=\"fusion-title title fusion-title-6 fusion-sep-none fusion-title-text fusion-title-size-four\" style=\"--awb-margin-top-small:10px;--awb-margin-right-small:0px;--awb-margin-bottom-small:10px;--awb-margin-left-small:0px;\"><h4 class=\"fusion-title-heading title-heading-left\" style=\"margin:0;\">Slowletter? De veritat? Tal qual<\/h4><\/div><div class=\"fusion-text fusion-text-12 clamped-excerpt\"><p>A vegades, quan parlem de butlletins, sembla que estiguem invocant alguna cosa antiga, quasi prehist\u00f2rica. Per\u00f2 no: la Slowletter no \u00e9s un bombardeig de not\u00edcies ni un flux constant de novetats. \u00c9s m\u00e9s b\u00e9 una foguera menuda on asseure\u2019s un moment, escoltar i deixar que les coses arriben quan hagen d\u2019arribar.  <\/p>\n<\/div><div class=\"fusion-text fusion-text-13\"><p>19\/11\/25<\/p>\n<\/div><div style=\"text-align:center;\"><a class=\"fusion-button button-flat fusion-button-default-size button-default fusion-button-default button-6 fusion-button-default-span fusion-button-default-type\" target=\"_self\" href=\"https:\/\/derivalenta.com\/va\/slowletter-de-veritat-doncs-si-tal-qual\/\"><span class=\"fusion-button-text awb-button__text awb-button__text--default\">Anar a la Deriva<\/span><\/a><\/div><\/div><\/li>\n<li class=\"fusion-layout-column fusion_builder_column fusion-builder-column-7 fusion-flex-column post-card fusion-grid-column fusion-post-cards-grid-column reflexions-a-la-deriva\" style=\"--awb-bg-blend:overlay;--awb-bg-size:cover;--awb-flex-grow:0;--awb-flex-shrink:0;--awb-flex-grow-medium:;--awb-flex-shrink-medium:;--awb-flex-grow-small:;--awb-flex-shrink-small:;\"><div class=\"fusion-column-wrapper fusion-flex-justify-content-flex-start fusion-content-layout-column\"><div class=\"fusion-image-element\" style=\"--awb-caption-title-font-family:var(--h2_typography-font-family);--awb-caption-title-font-weight:var(--h2_typography-font-weight);--awb-caption-title-font-style:var(--h2_typography-font-style);--awb-caption-title-size:var(--h2_typography-font-size);--awb-caption-title-transform:var(--h2_typography-text-transform);--awb-caption-title-line-height:var(--h2_typography-line-height);--awb-caption-title-letter-spacing:var(--h2_typography-letter-spacing);\"><span class=\" fusion-imageframe imageframe-none imageframe-7 hover-type-none\"><a class=\"fusion-no-lightbox\" href=\"https:\/\/derivalenta.com\/va\/la-bicicleta-com-a-psicologa\/\" target=\"_self\"><img decoding=\"async\" width=\"1024\" height=\"1024\" alt=\"Bicicleta de gravel amb alforges recolzada en un post amb muntanya de fons\" src=\"https:\/\/derivalenta.com\/wp-content\/uploads\/2025\/10\/Bicicleta-de-gravel-con-carretera-estrecha-de-fondo.webp\" data-orig-src=\"https:\/\/derivalenta.com\/wp-content\/uploads\/2025\/10\/Bicicleta-de-gravel-con-carretera-estrecha-de-fondo.webp\" class=\"lazyload img-responsive wp-image-3252\" srcset=\"data:image\/svg+xml,%3Csvg%20xmlns%3D%27http%3A%2F%2Fwww.w3.org%2F2000%2Fsvg%27%20width%3D%271024%27%20height%3D%271024%27%20viewBox%3D%270%200%201024%201024%27%3E%3Crect%20width%3D%271024%27%20height%3D%271024%27%20fill-opacity%3D%220%22%2F%3E%3C%2Fsvg%3E\" data-srcset=\"https:\/\/derivalenta.com\/wp-content\/uploads\/2025\/10\/Bicicleta-de-gravel-con-carretera-estrecha-de-fondo-200x200.webp 200w, https:\/\/derivalenta.com\/wp-content\/uploads\/2025\/10\/Bicicleta-de-gravel-con-carretera-estrecha-de-fondo-400x400.webp 400w, https:\/\/derivalenta.com\/wp-content\/uploads\/2025\/10\/Bicicleta-de-gravel-con-carretera-estrecha-de-fondo-600x600.webp 600w, https:\/\/derivalenta.com\/wp-content\/uploads\/2025\/10\/Bicicleta-de-gravel-con-carretera-estrecha-de-fondo-800x800.webp 800w, https:\/\/derivalenta.com\/wp-content\/uploads\/2025\/10\/Bicicleta-de-gravel-con-carretera-estrecha-de-fondo.webp 1024w\" data-sizes=\"auto\" data-orig-sizes=\"(max-width: 640px) 100vw, 1024px\" \/><\/a><\/span><\/div><div class=\"fusion-title title fusion-title-7 fusion-sep-none fusion-title-text fusion-title-size-four\" style=\"--awb-margin-top-small:10px;--awb-margin-right-small:0px;--awb-margin-bottom-small:10px;--awb-margin-left-small:0px;\"><h4 class=\"fusion-title-heading title-heading-left\" style=\"margin:0;\">La bicicleta com a psic\u00f2loga<\/h4><\/div><div class=\"fusion-text fusion-text-14 clamped-excerpt\"><p>Pot sonar a excusa, una manera de justificar per qu\u00e8 necessite una bicicleta o per qu\u00e8 necessite tant de temps per entregar-me a ella.\nPer\u00f2 no ho sent aix\u00ed. Despr\u00e9s de tants anys pedalejant, he arribat a comprendre que el ciclisme ha cuidat m\u00e9s la meua ment que el meu cos, encara que tamb\u00e9 haja fet molt per ell.<br>En realitat, totes dues van de la m\u00e0. Sabem que l\u2019exercici allibera dopamina, serotonina, endorfines\u2026 petites desc\u00e0rregues de benestar que el cos tradueix en una calma plaent.   <\/p>\n<\/div><div class=\"fusion-text fusion-text-15\"><p>29\/10\/25<\/p>\n<\/div><div style=\"text-align:center;\"><a class=\"fusion-button button-flat fusion-button-default-size button-default fusion-button-default button-7 fusion-button-default-span fusion-button-default-type\" target=\"_self\" href=\"https:\/\/derivalenta.com\/va\/la-bicicleta-com-a-psicologa\/\"><span class=\"fusion-button-text awb-button__text awb-button__text--default\">Anar a la Deriva<\/span><\/a><\/div><\/div><\/li>\n<li class=\"fusion-layout-column fusion_builder_column fusion-builder-column-8 fusion-flex-column post-card fusion-grid-column fusion-post-cards-grid-column reflexions-a-la-deriva\" style=\"--awb-bg-blend:overlay;--awb-bg-size:cover;--awb-flex-grow:0;--awb-flex-shrink:0;--awb-flex-grow-medium:;--awb-flex-shrink-medium:;--awb-flex-grow-small:;--awb-flex-shrink-small:;\"><div class=\"fusion-column-wrapper fusion-flex-justify-content-flex-start fusion-content-layout-column\"><div class=\"fusion-image-element\" style=\"--awb-caption-title-font-family:var(--h2_typography-font-family);--awb-caption-title-font-weight:var(--h2_typography-font-weight);--awb-caption-title-font-style:var(--h2_typography-font-style);--awb-caption-title-size:var(--h2_typography-font-size);--awb-caption-title-transform:var(--h2_typography-text-transform);--awb-caption-title-line-height:var(--h2_typography-line-height);--awb-caption-title-letter-spacing:var(--h2_typography-letter-spacing);\"><span class=\" fusion-imageframe imageframe-none imageframe-8 hover-type-none\"><a class=\"fusion-no-lightbox\" href=\"https:\/\/derivalenta.com\/va\/una-camera-per-al-viatge\/\" target=\"_self\"><img decoding=\"async\" width=\"1024\" height=\"1024\" alt=\"Autoretrat en finestra\" src=\"https:\/\/derivalenta.com\/wp-content\/uploads\/2025\/09\/Autorretrato-en-ventana.webp\" data-orig-src=\"https:\/\/derivalenta.com\/wp-content\/uploads\/2025\/09\/Autorretrato-en-ventana.webp\" class=\"lazyload img-responsive wp-image-2991\" srcset=\"data:image\/svg+xml,%3Csvg%20xmlns%3D%27http%3A%2F%2Fwww.w3.org%2F2000%2Fsvg%27%20width%3D%271024%27%20height%3D%271024%27%20viewBox%3D%270%200%201024%201024%27%3E%3Crect%20width%3D%271024%27%20height%3D%271024%27%20fill-opacity%3D%220%22%2F%3E%3C%2Fsvg%3E\" data-srcset=\"https:\/\/derivalenta.com\/wp-content\/uploads\/2025\/09\/Autorretrato-en-ventana-200x200.webp 200w, https:\/\/derivalenta.com\/wp-content\/uploads\/2025\/09\/Autorretrato-en-ventana-400x400.webp 400w, https:\/\/derivalenta.com\/wp-content\/uploads\/2025\/09\/Autorretrato-en-ventana-600x600.webp 600w, https:\/\/derivalenta.com\/wp-content\/uploads\/2025\/09\/Autorretrato-en-ventana-800x800.webp 800w, https:\/\/derivalenta.com\/wp-content\/uploads\/2025\/09\/Autorretrato-en-ventana.webp 1024w\" data-sizes=\"auto\" data-orig-sizes=\"(max-width: 640px) 100vw, 1024px\" \/><\/a><\/span><\/div><div class=\"fusion-title title fusion-title-8 fusion-sep-none fusion-title-text fusion-title-size-four\" style=\"--awb-margin-top-small:10px;--awb-margin-right-small:0px;--awb-margin-bottom-small:10px;--awb-margin-left-small:0px;\"><h4 class=\"fusion-title-heading title-heading-left\" style=\"margin:0;\">Una c\u00e0mera per al viatge \ud83d\udcf8<\/h4><\/div><div class=\"fusion-text fusion-text-16 clamped-excerpt\"><p>Sempre m\u2019ha agradat la fotografia. A tots ens agrada guardar els moments feli\u00e7os (viatges, trobades, persones), potser perqu\u00e8 intu\u00efm que la mem\u00f2ria, amb el temps, tamb\u00e9 es cansa.\nEn els meus primers viatges en bicicleta ja vaig comen\u00e7ar a preocupar-me <\/p>\n<\/div><div class=\"fusion-text fusion-text-17\"><p>19\/10\/25<\/p>\n<\/div><div style=\"text-align:center;\"><a class=\"fusion-button button-flat fusion-button-default-size button-default fusion-button-default button-8 fusion-button-default-span fusion-button-default-type\" target=\"_self\" href=\"https:\/\/derivalenta.com\/va\/una-camera-per-al-viatge\/\"><span class=\"fusion-button-text awb-button__text awb-button__text--default\">Anar a la Deriva<\/span><\/a><\/div><\/div><\/li>\n<li class=\"fusion-layout-column fusion_builder_column fusion-builder-column-9 fusion-flex-column post-card fusion-grid-column fusion-post-cards-grid-column darrere-la-deriva\" style=\"--awb-bg-blend:overlay;--awb-bg-size:cover;--awb-flex-grow:0;--awb-flex-shrink:0;--awb-flex-grow-medium:;--awb-flex-shrink-medium:;--awb-flex-grow-small:;--awb-flex-shrink-small:;\"><div class=\"fusion-column-wrapper fusion-flex-justify-content-flex-start fusion-content-layout-column\"><div class=\"fusion-image-element\" style=\"--awb-caption-title-font-family:var(--h2_typography-font-family);--awb-caption-title-font-weight:var(--h2_typography-font-weight);--awb-caption-title-font-style:var(--h2_typography-font-style);--awb-caption-title-size:var(--h2_typography-font-size);--awb-caption-title-transform:var(--h2_typography-text-transform);--awb-caption-title-line-height:var(--h2_typography-line-height);--awb-caption-title-letter-spacing:var(--h2_typography-letter-spacing);\"><span class=\" fusion-imageframe imageframe-none imageframe-9 hover-type-none\"><a class=\"fusion-no-lightbox\" href=\"https:\/\/derivalenta.com\/va\/un-telegram-per-a-unir-los-a-tots\/\" target=\"_self\" aria-label=\"Telegram DL logo black def\"><img decoding=\"async\" width=\"1024\" height=\"1024\" alt=\"Imatge amb el logotip de Telegram sobre una tenda de campanya, amb un cicloturista i una fot\u00f2grafa fotografiant una \u00e0guila.\" src=\"https:\/\/derivalenta.com\/wp-content\/uploads\/2025\/09\/Telegram-DL-logo-black-def.webp\" data-orig-src=\"https:\/\/derivalenta.com\/wp-content\/uploads\/2025\/09\/Telegram-DL-logo-black-def.webp\" class=\"lazyload img-responsive wp-image-2587\" srcset=\"data:image\/svg+xml,%3Csvg%20xmlns%3D%27http%3A%2F%2Fwww.w3.org%2F2000%2Fsvg%27%20width%3D%271024%27%20height%3D%271024%27%20viewBox%3D%270%200%201024%201024%27%3E%3Crect%20width%3D%271024%27%20height%3D%271024%27%20fill-opacity%3D%220%22%2F%3E%3C%2Fsvg%3E\" data-srcset=\"https:\/\/derivalenta.com\/wp-content\/uploads\/2025\/09\/Telegram-DL-logo-black-def-200x200.webp 200w, https:\/\/derivalenta.com\/wp-content\/uploads\/2025\/09\/Telegram-DL-logo-black-def-400x400.webp 400w, https:\/\/derivalenta.com\/wp-content\/uploads\/2025\/09\/Telegram-DL-logo-black-def-600x600.webp 600w, https:\/\/derivalenta.com\/wp-content\/uploads\/2025\/09\/Telegram-DL-logo-black-def-800x800.webp 800w, https:\/\/derivalenta.com\/wp-content\/uploads\/2025\/09\/Telegram-DL-logo-black-def.webp 1024w\" data-sizes=\"auto\" data-orig-sizes=\"(max-width: 640px) 100vw, 1024px\" \/><\/a><\/span><\/div><div class=\"fusion-title title fusion-title-9 fusion-sep-none fusion-title-text fusion-title-size-four\" style=\"--awb-margin-top-small:10px;--awb-margin-right-small:0px;--awb-margin-bottom-small:10px;--awb-margin-left-small:0px;\"><h4 class=\"fusion-title-heading title-heading-left\" style=\"margin:0;\">Un Telegram per a unir-los a tots<\/h4><\/div><div class=\"fusion-text fusion-text-18 clamped-excerpt\"><p>S\u00f3c fan dels f\u00f2rums. S\u00ed, ho s\u00e9, segur que sona antiquat. Potser vols dir-ne amb un eufemisme com vintage, perqu\u00e8 no em senta tan desfassat. No passa res: jo tamb\u00e9 tinc les meues nost\u00e0lgies, i en aquest cas em reconec sense problemes com alg\u00fa de l\u2019antiga escola.   <\/p>\n<\/div><div class=\"fusion-text fusion-text-19\"><p>28\/09\/25<\/p>\n<\/div><div style=\"text-align:center;\"><a class=\"fusion-button button-flat fusion-button-default-size button-default fusion-button-default button-9 fusion-button-default-span fusion-button-default-type\" target=\"_self\" href=\"https:\/\/derivalenta.com\/va\/un-telegram-per-a-unir-los-a-tots\/\"><span class=\"fusion-button-text awb-button__text awb-button__text--default\">Anar a la Deriva<\/span><\/a><\/div><\/div><\/li>\n<li class=\"fusion-layout-column fusion_builder_column fusion-builder-column-10 fusion-flex-column post-card fusion-grid-column fusion-post-cards-grid-column darrere-la-deriva\" style=\"--awb-bg-blend:overlay;--awb-bg-size:cover;--awb-flex-grow:0;--awb-flex-shrink:0;--awb-flex-grow-medium:;--awb-flex-shrink-medium:;--awb-flex-grow-small:;--awb-flex-shrink-small:;\"><div class=\"fusion-column-wrapper fusion-flex-justify-content-flex-start fusion-content-layout-column\"><div class=\"fusion-image-element\" style=\"--awb-caption-title-font-family:var(--h2_typography-font-family);--awb-caption-title-font-weight:var(--h2_typography-font-weight);--awb-caption-title-font-style:var(--h2_typography-font-style);--awb-caption-title-size:var(--h2_typography-font-size);--awb-caption-title-transform:var(--h2_typography-text-transform);--awb-caption-title-line-height:var(--h2_typography-line-height);--awb-caption-title-letter-spacing:var(--h2_typography-letter-spacing);\"><span class=\" fusion-imageframe imageframe-none imageframe-10 hover-type-none\"><a class=\"fusion-no-lightbox\" href=\"https:\/\/derivalenta.com\/va\/per-que-la-ruta-esta-dividida-en-bucles\/\" target=\"_self\"><img decoding=\"async\" width=\"1024\" height=\"1024\" alt=\"Bucles a DL Slow\" src=\"https:\/\/derivalenta.com\/wp-content\/uploads\/2025\/11\/Bucles-en-DL-Slow.webp\" data-orig-src=\"https:\/\/derivalenta.com\/wp-content\/uploads\/2025\/11\/Bucles-en-DL-Slow.webp\" class=\"lazyload img-responsive wp-image-4944\" srcset=\"data:image\/svg+xml,%3Csvg%20xmlns%3D%27http%3A%2F%2Fwww.w3.org%2F2000%2Fsvg%27%20width%3D%271024%27%20height%3D%271024%27%20viewBox%3D%270%200%201024%201024%27%3E%3Crect%20width%3D%271024%27%20height%3D%271024%27%20fill-opacity%3D%220%22%2F%3E%3C%2Fsvg%3E\" data-srcset=\"https:\/\/derivalenta.com\/wp-content\/uploads\/2025\/11\/Bucles-en-DL-Slow-200x200.webp 200w, https:\/\/derivalenta.com\/wp-content\/uploads\/2025\/11\/Bucles-en-DL-Slow-400x400.webp 400w, https:\/\/derivalenta.com\/wp-content\/uploads\/2025\/11\/Bucles-en-DL-Slow-600x600.webp 600w, https:\/\/derivalenta.com\/wp-content\/uploads\/2025\/11\/Bucles-en-DL-Slow-800x800.webp 800w, https:\/\/derivalenta.com\/wp-content\/uploads\/2025\/11\/Bucles-en-DL-Slow.webp 1024w\" data-sizes=\"auto\" data-orig-sizes=\"(max-width: 640px) 100vw, 1024px\" \/><\/a><\/span><\/div><div class=\"fusion-title title fusion-title-10 fusion-sep-none fusion-title-text fusion-title-size-four\" style=\"--awb-margin-top-small:10px;--awb-margin-right-small:0px;--awb-margin-bottom-small:10px;--awb-margin-left-small:0px;\"><h4 class=\"fusion-title-heading title-heading-left\" style=\"margin:0;\">Per qu\u00e8 DL Slow est\u00e0 plantejada en bucles?<\/h4><\/div><div class=\"fusion-text fusion-text-20 clamped-excerpt\"><p>Deriva Lenta Slowbiking naix de la meua manera real de viatjar. S\u00f3c el primer que no disposa del temps que voldria per rec\u00f3rrer totes les rutes que em ronden pel cap. Treballe a jornada completa i tinc 24 dies laborables de vacances a l\u2019any. Tot i aix\u00ed, he pogut escapar-me durant dues, i fins i tot tres setmanes seguides, per fer rutes de llarg recorregut. Per\u00f2 eixos viatges arriben d\u2019un en un, espaiats en anys diferents, quasi com xicotets tresors que costa tornar a viure.<\/p>\n<\/div><div class=\"fusion-text fusion-text-21\"><p>06\/09\/25<\/p>\n<\/div><div style=\"text-align:center;\"><a class=\"fusion-button button-flat fusion-button-default-size button-default fusion-button-default button-10 fusion-button-default-span fusion-button-default-type\" target=\"_self\" href=\"https:\/\/derivalenta.com\/va\/per-que-la-ruta-esta-dividida-en-bucles\/\"><span class=\"fusion-button-text awb-button__text awb-button__text--default\">Anar a la Deriva<\/span><\/a><\/div><\/div><\/li>\n<li class=\"fusion-layout-column fusion_builder_column fusion-builder-column-11 fusion-flex-column post-card fusion-grid-column fusion-post-cards-grid-column darrere-la-deriva\" style=\"--awb-bg-blend:overlay;--awb-bg-size:cover;--awb-flex-grow:0;--awb-flex-shrink:0;--awb-flex-grow-medium:;--awb-flex-shrink-medium:;--awb-flex-grow-small:;--awb-flex-shrink-small:;\"><div class=\"fusion-column-wrapper fusion-flex-justify-content-flex-start fusion-content-layout-column\"><div class=\"fusion-image-element\" style=\"--awb-caption-title-font-family:var(--h2_typography-font-family);--awb-caption-title-font-weight:var(--h2_typography-font-weight);--awb-caption-title-font-style:var(--h2_typography-font-style);--awb-caption-title-size:var(--h2_typography-font-size);--awb-caption-title-transform:var(--h2_typography-text-transform);--awb-caption-title-line-height:var(--h2_typography-line-height);--awb-caption-title-letter-spacing:var(--h2_typography-letter-spacing);\"><span class=\" fusion-imageframe imageframe-none imageframe-11 hover-type-none\"><a class=\"fusion-no-lightbox\" href=\"https:\/\/derivalenta.com\/va\/inspiracio-sonora-en-els-relats-visuals\/\" target=\"_self\"><img decoding=\"async\" width=\"1024\" height=\"1024\" alt=\"Bicicleta amb rastre d&#039;estrelles i notes musicals\" src=\"https:\/\/derivalenta.com\/wp-content\/uploads\/2025\/08\/Bicicleta-con-rastro-de-estrellas-y-notas-musicales.webp\" data-orig-src=\"https:\/\/derivalenta.com\/wp-content\/uploads\/2025\/08\/Bicicleta-con-rastro-de-estrellas-y-notas-musicales.webp\" class=\"lazyload img-responsive wp-image-4670\" srcset=\"data:image\/svg+xml,%3Csvg%20xmlns%3D%27http%3A%2F%2Fwww.w3.org%2F2000%2Fsvg%27%20width%3D%271024%27%20height%3D%271024%27%20viewBox%3D%270%200%201024%201024%27%3E%3Crect%20width%3D%271024%27%20height%3D%271024%27%20fill-opacity%3D%220%22%2F%3E%3C%2Fsvg%3E\" data-srcset=\"https:\/\/derivalenta.com\/wp-content\/uploads\/2025\/08\/Bicicleta-con-rastro-de-estrellas-y-notas-musicales-200x200.webp 200w, https:\/\/derivalenta.com\/wp-content\/uploads\/2025\/08\/Bicicleta-con-rastro-de-estrellas-y-notas-musicales-400x400.webp 400w, https:\/\/derivalenta.com\/wp-content\/uploads\/2025\/08\/Bicicleta-con-rastro-de-estrellas-y-notas-musicales-600x600.webp 600w, https:\/\/derivalenta.com\/wp-content\/uploads\/2025\/08\/Bicicleta-con-rastro-de-estrellas-y-notas-musicales-800x800.webp 800w, https:\/\/derivalenta.com\/wp-content\/uploads\/2025\/08\/Bicicleta-con-rastro-de-estrellas-y-notas-musicales.webp 1024w\" data-sizes=\"auto\" data-orig-sizes=\"(max-width: 640px) 100vw, 1024px\" \/><\/a><\/span><\/div><div class=\"fusion-title title fusion-title-11 fusion-sep-none fusion-title-text fusion-title-size-four\" style=\"--awb-margin-top-small:10px;--awb-margin-right-small:0px;--awb-margin-bottom-small:10px;--awb-margin-left-small:0px;\"><h4 class=\"fusion-title-heading title-heading-left\" style=\"margin:0;\">Inspiraci\u00f3 sonora en els Relats Visuals<\/h4><\/div><div class=\"fusion-text fusion-text-22 clamped-excerpt\"><p>Sempre he cregut que la m\u00fasica ho complementa tot. A mi, almenys, m\u2019acompanya des de bon mat\u00ed: quan isc cap a la faena solc escoltar piano o m\u00fasica cl\u00e0ssica per comen\u00e7ar el dia amb un \u00e0nim suau, temperat. Despr\u00e9s, a mesura que avancen les hores, tamb\u00e9 canvia la banda sonora. La m\u00fasica s\u2019adapta al que faig, al que sent, al que necessite.   <\/p>\n<\/div><div class=\"fusion-text fusion-text-23\"><p>25\/08\/25<\/p>\n<\/div><div style=\"text-align:center;\"><a class=\"fusion-button button-flat fusion-button-default-size button-default fusion-button-default button-11 fusion-button-default-span fusion-button-default-type\" target=\"_self\" href=\"https:\/\/derivalenta.com\/va\/inspiracio-sonora-en-els-relats-visuals\/\"><span class=\"fusion-button-text awb-button__text awb-button__text--default\">Anar a la Deriva<\/span><\/a><\/div><\/div><\/li>\n<li class=\"fusion-layout-column fusion_builder_column fusion-builder-column-12 fusion-flex-column post-card fusion-grid-column fusion-post-cards-grid-column darrere-la-deriva\" style=\"--awb-bg-blend:overlay;--awb-bg-size:cover;--awb-flex-grow:0;--awb-flex-shrink:0;--awb-flex-grow-medium:;--awb-flex-shrink-medium:;--awb-flex-grow-small:;--awb-flex-shrink-small:;\"><div class=\"fusion-column-wrapper fusion-flex-justify-content-flex-start fusion-content-layout-column\"><div class=\"fusion-image-element\" style=\"--awb-caption-title-font-family:var(--h2_typography-font-family);--awb-caption-title-font-weight:var(--h2_typography-font-weight);--awb-caption-title-font-style:var(--h2_typography-font-style);--awb-caption-title-size:var(--h2_typography-font-size);--awb-caption-title-transform:var(--h2_typography-text-transform);--awb-caption-title-line-height:var(--h2_typography-line-height);--awb-caption-title-letter-spacing:var(--h2_typography-letter-spacing);\"><span class=\" fusion-imageframe imageframe-none imageframe-12 hover-type-none\"><a class=\"fusion-no-lightbox\" href=\"https:\/\/derivalenta.com\/va\/per-que-wikiloc-i-no-una-altra-aplicacio\/\" target=\"_self\"><img decoding=\"async\" width=\"2048\" height=\"2048\" alt=\"Ciclista tra\u00e7ant una l\u00ednia d\u2019un punt a un altre amb la bicicleta, entre els textos Wikiloc, Ride with GPS i Komoot.\" src=\"https:\/\/derivalenta.com\/wp-content\/uploads\/2025\/08\/Ciclista-SUPERDEF-estatico-2048.webp\" data-orig-src=\"https:\/\/derivalenta.com\/wp-content\/uploads\/2025\/08\/Ciclista-SUPERDEF-estatico-2048.webp\" class=\"lazyload img-responsive wp-image-3601\" srcset=\"data:image\/svg+xml,%3Csvg%20xmlns%3D%27http%3A%2F%2Fwww.w3.org%2F2000%2Fsvg%27%20width%3D%272048%27%20height%3D%272048%27%20viewBox%3D%270%200%202048%202048%27%3E%3Crect%20width%3D%272048%27%20height%3D%272048%27%20fill-opacity%3D%220%22%2F%3E%3C%2Fsvg%3E\" data-srcset=\"https:\/\/derivalenta.com\/wp-content\/uploads\/2025\/08\/Ciclista-SUPERDEF-estatico-2048-200x200.webp 200w, https:\/\/derivalenta.com\/wp-content\/uploads\/2025\/08\/Ciclista-SUPERDEF-estatico-2048-400x400.webp 400w, https:\/\/derivalenta.com\/wp-content\/uploads\/2025\/08\/Ciclista-SUPERDEF-estatico-2048-600x600.webp 600w, https:\/\/derivalenta.com\/wp-content\/uploads\/2025\/08\/Ciclista-SUPERDEF-estatico-2048-800x800.webp 800w, https:\/\/derivalenta.com\/wp-content\/uploads\/2025\/08\/Ciclista-SUPERDEF-estatico-2048-1200x1200.webp 1200w, https:\/\/derivalenta.com\/wp-content\/uploads\/2025\/08\/Ciclista-SUPERDEF-estatico-2048.webp 2048w\" data-sizes=\"auto\" data-orig-sizes=\"(max-width: 640px) 100vw, 2048px\" \/><\/a><\/span><\/div><div class=\"fusion-title title fusion-title-12 fusion-sep-none fusion-title-text fusion-title-size-four\" style=\"--awb-margin-top-small:10px;--awb-margin-right-small:0px;--awb-margin-bottom-small:10px;--awb-margin-left-small:0px;\"><h4 class=\"fusion-title-heading title-heading-left\" style=\"margin:0;\">Per qu\u00e8 Wikiloc i no una altra aplicaci\u00f3?<\/h4><\/div><div class=\"fusion-text fusion-text-24 clamped-excerpt\"><p>Quan vaig publicar aquesta entrada l\u2019agost de 2025, la resposta em semblava senzilla: Wikiloc era suficient. Vaig pujar la meua primera ruta a Wikiloc el 2012 i, des d\u2019aleshores, sempre que he volgut descobrir un cam\u00ed o deixar empremta del meu, aportant aix\u00ed el meu granet de sorra a l\u2019\u00abesperit Wiki\u00bb, he tornat a aquella mateixa plataforma. \u00c9s la que conec, la que em resulta c\u00f2moda i la que m\u2019ha acompanyat durant m\u00e9s d\u2019una d\u00e8cada. Durant molt de temps tampoc vaig sentir la necessitat de multiplicar perfils ni de dispersar el mateix track entre diferents aplicacions. Les rutes de Deriva Lenta es podien descarregar directament des de la web i cadasc\u00fa era lliure d\u2019utilitzar-les a Wikiloc, Komoot, Ride with GPS o qualsevol altra eina. Per\u00f2 Deriva Lenta tamb\u00e9 ha anat evolucionant.  <\/p>\n<\/div><div class=\"fusion-text fusion-text-25\"><p>25\/08\/25<\/p>\n<\/div><div style=\"text-align:center;\"><a class=\"fusion-button button-flat fusion-button-default-size button-default fusion-button-default button-12 fusion-button-default-span fusion-button-default-type\" target=\"_self\" href=\"https:\/\/derivalenta.com\/va\/per-que-wikiloc-i-no-una-altra-aplicacio\/\"><span class=\"fusion-button-text awb-button__text awb-button__text--default\">Anar a la Deriva<\/span><\/a><\/div><\/div><\/li>\n<li class=\"fusion-layout-column fusion_builder_column fusion-builder-column-13 fusion-flex-column post-card fusion-grid-column fusion-post-cards-grid-column croniques-a-la-deriva\" style=\"--awb-bg-blend:overlay;--awb-bg-size:cover;--awb-flex-grow:0;--awb-flex-shrink:0;--awb-flex-grow-medium:;--awb-flex-shrink-medium:;--awb-flex-grow-small:;--awb-flex-shrink-small:;\"><div class=\"fusion-column-wrapper fusion-flex-justify-content-flex-start fusion-content-layout-column\"><div class=\"fusion-image-element\" style=\"--awb-caption-title-font-family:var(--h2_typography-font-family);--awb-caption-title-font-weight:var(--h2_typography-font-weight);--awb-caption-title-font-style:var(--h2_typography-font-style);--awb-caption-title-size:var(--h2_typography-font-size);--awb-caption-title-transform:var(--h2_typography-text-transform);--awb-caption-title-line-height:var(--h2_typography-line-height);--awb-caption-title-letter-spacing:var(--h2_typography-letter-spacing);\"><span class=\" fusion-imageframe imageframe-none imageframe-13 hover-type-none\"><a class=\"fusion-no-lightbox\" href=\"https:\/\/derivalenta.com\/va\/dl-slowbiking-cronica\/\" target=\"_self\" aria-label=\"Finna-y-masia-de-fondo 1-1\"><img decoding=\"async\" width=\"1024\" height=\"1024\" alt=\"Bicicleta de gravel i masia de fons\" src=\"https:\/\/derivalenta.com\/wp-content\/uploads\/2025\/08\/Finna-y-masia-de-fondo-1-1.webp\" data-orig-src=\"https:\/\/derivalenta.com\/wp-content\/uploads\/2025\/08\/Finna-y-masia-de-fondo-1-1.webp\" class=\"lazyload img-responsive wp-image-2815\" srcset=\"data:image\/svg+xml,%3Csvg%20xmlns%3D%27http%3A%2F%2Fwww.w3.org%2F2000%2Fsvg%27%20width%3D%271024%27%20height%3D%271024%27%20viewBox%3D%270%200%201024%201024%27%3E%3Crect%20width%3D%271024%27%20height%3D%271024%27%20fill-opacity%3D%220%22%2F%3E%3C%2Fsvg%3E\" data-srcset=\"https:\/\/derivalenta.com\/wp-content\/uploads\/2025\/08\/Finna-y-masia-de-fondo-1-1-200x200.webp 200w, https:\/\/derivalenta.com\/wp-content\/uploads\/2025\/08\/Finna-y-masia-de-fondo-1-1-400x400.webp 400w, https:\/\/derivalenta.com\/wp-content\/uploads\/2025\/08\/Finna-y-masia-de-fondo-1-1-600x600.webp 600w, https:\/\/derivalenta.com\/wp-content\/uploads\/2025\/08\/Finna-y-masia-de-fondo-1-1-800x800.webp 800w, https:\/\/derivalenta.com\/wp-content\/uploads\/2025\/08\/Finna-y-masia-de-fondo-1-1.webp 1024w\" data-sizes=\"auto\" data-orig-sizes=\"(max-width: 640px) 100vw, 1024px\" \/><\/a><\/span><\/div><div class=\"fusion-title title fusion-title-13 fusion-sep-none fusion-title-text fusion-title-size-four\" style=\"--awb-margin-top-small:10px;--awb-margin-right-small:0px;--awb-margin-bottom-small:10px;--awb-margin-left-small:0px;\"><h4 class=\"fusion-title-heading title-heading-left\" style=\"margin:0;\">Deriva Lenta Slowbiking<\/h4><\/div><div class=\"fusion-text fusion-text-26 clamped-excerpt\"><p>Imagina disposar d\u2019uns dies per a lliurar-te a una ruta en bicicleta. Tu, la bicicleta i el cam\u00ed. Imagina avan\u00e7ar a poc a poc, gaudint d\u2019all\u00f2 que tant estimes: desconnectar per a reconnectar-te a trav\u00e9s de la natura. Sense presses, sense l\u2019obligaci\u00f3 d\u2019acabar el recorregut si el temps no arriba. No importa: la ruta ser\u00e0 pacient, sabr\u00e0 esperar sense enfadar-se. L\u2019important \u00e9s gaudir de cada quil\u00f2metre, de cada instant.     <\/p>\n<\/div><div class=\"fusion-text fusion-text-27\"><p>21\/08\/25<\/p>\n<\/div><div style=\"text-align:center;\"><a class=\"fusion-button button-flat fusion-button-default-size button-default fusion-button-default button-13 fusion-button-default-span fusion-button-default-type\" target=\"_self\" href=\"https:\/\/derivalenta.com\/va\/dl-slowbiking-cronica\/\"><span class=\"fusion-button-text awb-button__text awb-button__text--default\">Anar a la Deriva<\/span><\/a><\/div><\/div><\/li>\n<\/ul><\/div><\/div><\/div><\/div><\/div><div class=\"fusion-fullwidth fullwidth-box fusion-builder-row-2 fusion-flex-container has-pattern-background has-mask-background nonhundred-percent-fullwidth non-hundred-percent-height-scrolling fusion-no-medium-visibility fusion-no-large-visibility dl-grid-derivas\" style=\"--awb-border-radius-top-left:0px;--awb-border-radius-top-right:0px;--awb-border-radius-bottom-right:0px;--awb-border-radius-bottom-left:0px;--awb-flex-wrap:wrap;\" ><div class=\"fusion-builder-row fusion-row fusion-flex-align-items-flex-start fusion-flex-content-wrap\" style=\"max-width:1248px;margin-left: calc(-4% \/ 2 );margin-right: calc(-4% \/ 2 );\"><div class=\"fusion-layout-column fusion_builder_column fusion-builder-column-14 fusion_builder_column_1_1 1_1 fusion-flex-column\" style=\"--awb-bg-size:cover;--awb-width-large:100%;--awb-flex-grow:0;--awb-flex-shrink:0;--awb-margin-top-large:0px;--awb-spacing-right-large:1.92%;--awb-margin-bottom-large:20px;--awb-spacing-left-large:1.92%;--awb-width-medium:100%;--awb-order-medium:0;--awb-flex-grow-medium:;--awb-flex-shrink-medium:;--awb-spacing-right-medium:1.92%;--awb-spacing-left-medium:1.92%;--awb-width-small:100%;--awb-order-small:0;--awb-flex-grow-small:;--awb-flex-shrink-small:;--awb-spacing-right-small:1.92%;--awb-spacing-left-small:1.92%;\"><div class=\"fusion-column-wrapper fusion-column-has-shadow fusion-flex-justify-content-flex-start fusion-content-layout-column\"><div class=\"fusion-text fusion-text-28\"><p><span style=\"font-size: 16pt;\">Hi ha llocs on la velocitat no importa, on la mirada s\u2019atura i el pensament troba el seu curs natural. \u201cParaules en Deriva\u201d \u00e9s eixe refugi: un espai on l\u2019escriptura viatja sense pressa, fluint com l\u2019aigua entre pedres, recollint hist\u00f2ries, emocions i preguntes al llarg del cam\u00ed. <\/span><\/p>\n<p><span style=\"font-size: 16pt;\">Ac\u00ed hi caben cr\u00f2niques de rutes, relats d\u2019albades i de capvespres, instants detinguts en la mem\u00f2ria, versos que brollen despr\u00e9s de pedalejar durant hores o de caminar sota la pluja. No hi ha un dest\u00ed fix, nom\u00e9s el plaer d\u2019escriure i de compartir el viatge interior que acompanya cada pas, cada pedalada, cada pausa davant del paisatge. <\/span><\/p>\n<p><span style=\"font-size: 16pt;\">Sent-te convidat a perdre\u2019t i a retrobar-te entre estes lletres, a llegir a poc a poc, a tornar quan vulgues. Perqu\u00e8 en la deriva, com en la vida lenta, all\u00f2 important no \u00e9s arribar, sin\u00f3 deixar-se portar per la paraula. <\/span><\/p>\n<\/div><div class=\"fusion-post-cards fusion-post-cards-2 fusion-grid-archive fusion-grid-columns-4\" style=\"--awb-column-spacing:50px;--awb-dots-align:center;--awb-filters-color:var(--awb-color8);--awb-active-filter-border-size:3px;--awb-filters-height:36px;--awb-columns-medium:25%;--awb-filters-alignment-medium:flex-start;--awb-filters-alignment-small:flex-start;\" data-post-type-label=\"posts\"><div><ul class=\"fusion-filters\" role=\"menu\" aria-label=\"Post Filters\"><li role=\"presentation\" class=\"fusion-filter fusion-filter-all fusion-active\"><a href=\"#\" data-filter=\"*\" role=\"menuitem\">Tot<\/a><\/li><li role=\"presentation\" class=\"fusion-filter fusion-hidden\"><a href=\"#\" data-filter=\".croniques-a-la-deriva\" role=\"menuitem\">Cr\u00f2niques a la Deriva<\/a><\/li><li role=\"presentation\" class=\"fusion-filter fusion-hidden\"><a href=\"#\" data-filter=\".darrere-la-deriva\" role=\"menuitem\">Darrere la Deriva<\/a><\/li><li role=\"presentation\" class=\"fusion-filter fusion-hidden\"><a href=\"#\" data-filter=\".reflexions-a-la-deriva\" role=\"menuitem\">Reflexions a la Deriva<\/a><\/li><\/ul><\/div><ul class=\"fusion-grid fusion-grid-4 fusion-flex-align-items-flex-start fusion-grid-posts-cards\"><li class=\"fusion-layout-column fusion_builder_column fusion-builder-column-15 fusion-flex-column post-card fusion-grid-column fusion-post-cards-grid-column croniques-a-la-deriva\" style=\"--awb-bg-blend:overlay;--awb-bg-size:cover;--awb-flex-grow:0;--awb-flex-shrink:0;--awb-flex-grow-medium:;--awb-flex-shrink-medium:;--awb-flex-grow-small:;--awb-flex-shrink-small:;\"><div class=\"fusion-column-wrapper fusion-flex-justify-content-flex-start fusion-content-layout-column\"><div class=\"fusion-image-element\" style=\"--awb-caption-title-font-family:var(--h2_typography-font-family);--awb-caption-title-font-weight:var(--h2_typography-font-weight);--awb-caption-title-font-style:var(--h2_typography-font-style);--awb-caption-title-size:var(--h2_typography-font-size);--awb-caption-title-transform:var(--h2_typography-text-transform);--awb-caption-title-line-height:var(--h2_typography-line-height);--awb-caption-title-letter-spacing:var(--h2_typography-letter-spacing);\"><span class=\" fusion-imageframe imageframe-none imageframe-14 hover-type-none\"><a class=\"fusion-no-lightbox\" href=\"https:\/\/derivalenta.com\/va\/de-tastet-per-territori-rodera\/\" target=\"_self\"><img decoding=\"async\" width=\"1024\" height=\"1024\" alt=\"Refugi de nit amb lightpainting\" src=\"https:\/\/derivalenta.com\/wp-content\/uploads\/2025\/08\/Refugio-de-noche-con-lightpainting.webp\" data-orig-src=\"https:\/\/derivalenta.com\/wp-content\/uploads\/2025\/08\/Refugio-de-noche-con-lightpainting.webp\" class=\"lazyload img-responsive wp-image-4539\" srcset=\"data:image\/svg+xml,%3Csvg%20xmlns%3D%27http%3A%2F%2Fwww.w3.org%2F2000%2Fsvg%27%20width%3D%271024%27%20height%3D%271024%27%20viewBox%3D%270%200%201024%201024%27%3E%3Crect%20width%3D%271024%27%20height%3D%271024%27%20fill-opacity%3D%220%22%2F%3E%3C%2Fsvg%3E\" data-srcset=\"https:\/\/derivalenta.com\/wp-content\/uploads\/2025\/08\/Refugio-de-noche-con-lightpainting-200x200.webp 200w, https:\/\/derivalenta.com\/wp-content\/uploads\/2025\/08\/Refugio-de-noche-con-lightpainting-400x400.webp 400w, https:\/\/derivalenta.com\/wp-content\/uploads\/2025\/08\/Refugio-de-noche-con-lightpainting-600x600.webp 600w, https:\/\/derivalenta.com\/wp-content\/uploads\/2025\/08\/Refugio-de-noche-con-lightpainting-800x800.webp 800w, https:\/\/derivalenta.com\/wp-content\/uploads\/2025\/08\/Refugio-de-noche-con-lightpainting.webp 1024w\" data-sizes=\"auto\" data-orig-sizes=\"(max-width: 640px) 100vw, 1024px\" \/><\/a><\/span><\/div><div class=\"fusion-title title fusion-title-14 fusion-sep-none fusion-title-text fusion-title-size-four\" style=\"--awb-margin-top-small:10px;--awb-margin-right-small:0px;--awb-margin-bottom-small:10px;--awb-margin-left-small:0px;\"><h4 class=\"fusion-title-heading title-heading-left\" style=\"margin:0;\">De tastet per territori Rodera<\/h4><\/div><div class=\"fusion-text fusion-text-29 clamped-excerpt\"><p>Si hi ha una ruta que fa temps que desitge rec\u00f3rrer, \u00e9s Rodera, el Cam\u00ed dels Assagadors. Per qu\u00e8? Perqu\u00e8 s\u00f3c valenci\u00e0. I, com a tal, admet amb un punt de rubor que encara no he explorat tots els tresors de la meua pr\u00f2pia terra. Rodera \u00e9s just aix\u00f2: l\u2019ocasi\u00f3 perfecta per endinsar-me en una d\u2019aquelles zones que encara em queden per assaborir i retrobar-me amb la bellesa d\u2019un territori que, per a mi, \u00e9s dels m\u00e9s bonics del m\u00f3n.    <\/p>\n<\/div><div class=\"fusion-text fusion-text-30\"><p>13\/08\/26<\/p>\n<\/div><div style=\"text-align:center;\"><a class=\"fusion-button button-flat fusion-button-default-size button-default fusion-button-default button-14 fusion-button-default-span fusion-button-default-type\" target=\"_self\" href=\"https:\/\/derivalenta.com\/va\/de-tastet-per-territori-rodera\/\"><span class=\"fusion-button-text awb-button__text awb-button__text--default\">Anar a la Deriva<\/span><\/a><\/div><\/div><\/li>\n<li class=\"fusion-layout-column fusion_builder_column fusion-builder-column-16 fusion-flex-column post-card fusion-grid-column fusion-post-cards-grid-column croniques-a-la-deriva\" style=\"--awb-bg-blend:overlay;--awb-bg-size:cover;--awb-flex-grow:0;--awb-flex-shrink:0;--awb-flex-grow-medium:;--awb-flex-shrink-medium:;--awb-flex-grow-small:;--awb-flex-shrink-small:;\"><div class=\"fusion-column-wrapper fusion-flex-justify-content-flex-start fusion-content-layout-column\"><div class=\"fusion-image-element\" style=\"--awb-caption-title-font-family:var(--h2_typography-font-family);--awb-caption-title-font-weight:var(--h2_typography-font-weight);--awb-caption-title-font-style:var(--h2_typography-font-style);--awb-caption-title-size:var(--h2_typography-font-size);--awb-caption-title-transform:var(--h2_typography-text-transform);--awb-caption-title-line-height:var(--h2_typography-line-height);--awb-caption-title-letter-spacing:var(--h2_typography-letter-spacing);\"><span class=\" fusion-imageframe imageframe-none imageframe-15 hover-type-none\"><a class=\"fusion-no-lightbox\" href=\"https:\/\/derivalenta.com\/va\/mustang-mes-enlla-del-thorong-la\/\" target=\"_self\"><img decoding=\"async\" width=\"1024\" height=\"1024\" alt=\"Bicicleta recolzada al costat del cartell del Thorong La\" src=\"https:\/\/derivalenta.com\/wp-content\/uploads\/2026\/07\/Bicicleta-apoyada-junto-al-cartel-de-Thorong-La-portada.webp\" data-orig-src=\"https:\/\/derivalenta.com\/wp-content\/uploads\/2026\/07\/Bicicleta-apoyada-junto-al-cartel-de-Thorong-La-portada.webp\" class=\"lazyload img-responsive wp-image-7221\" srcset=\"data:image\/svg+xml,%3Csvg%20xmlns%3D%27http%3A%2F%2Fwww.w3.org%2F2000%2Fsvg%27%20width%3D%271024%27%20height%3D%271024%27%20viewBox%3D%270%200%201024%201024%27%3E%3Crect%20width%3D%271024%27%20height%3D%271024%27%20fill-opacity%3D%220%22%2F%3E%3C%2Fsvg%3E\" data-srcset=\"https:\/\/derivalenta.com\/wp-content\/uploads\/2026\/07\/Bicicleta-apoyada-junto-al-cartel-de-Thorong-La-portada-200x200.webp 200w, https:\/\/derivalenta.com\/wp-content\/uploads\/2026\/07\/Bicicleta-apoyada-junto-al-cartel-de-Thorong-La-portada-400x400.webp 400w, https:\/\/derivalenta.com\/wp-content\/uploads\/2026\/07\/Bicicleta-apoyada-junto-al-cartel-de-Thorong-La-portada-600x600.webp 600w, https:\/\/derivalenta.com\/wp-content\/uploads\/2026\/07\/Bicicleta-apoyada-junto-al-cartel-de-Thorong-La-portada-800x800.webp 800w, https:\/\/derivalenta.com\/wp-content\/uploads\/2026\/07\/Bicicleta-apoyada-junto-al-cartel-de-Thorong-La-portada.webp 1024w\" data-sizes=\"auto\" data-orig-sizes=\"(max-width: 640px) 100vw, 1024px\" \/><\/a><\/span><\/div><div class=\"fusion-title title fusion-title-15 fusion-sep-none fusion-title-text fusion-title-size-four\" style=\"--awb-margin-top-small:10px;--awb-margin-right-small:0px;--awb-margin-bottom-small:10px;--awb-margin-left-small:0px;\"><h4 class=\"fusion-title-heading title-heading-left\" style=\"margin:0;\">Mustang. M\u00e9s enll\u00e0 del Thorong La<\/h4><\/div><div class=\"fusion-text fusion-text-31 clamped-excerpt\"><p>Hi ha viatges que comencen molt abans de la primera pedalada.<br\/>A vegades naixen d\u2019una conversa. Altres, d\u2019una fotografia oblidada. En el cas de Ramon i Mariona, tot va comen\u00e7ar amb una d\u2019aquelles casualitats que alguns anomenen senyals.  <\/p>\n<p>A l'octubre de 2025, un v\u00eddeo sobre un viatge pels Annapurnes va apar\u00e9ixer per casualitat a YouTube. Pocs dies despr\u00e9s, Google els recordava fotografies d'un viatge al Nepal fet disset anys abans. Sense adonar-se'n, un nom tornava a apar\u00e9ixer a l'horitz\u00f3: Thorong La Pass.  <\/p>\n<\/div><div class=\"fusion-text fusion-text-32\"><p>08\/07\/26<\/p>\n<\/div><div style=\"text-align:center;\"><a class=\"fusion-button button-flat fusion-button-default-size button-default fusion-button-default button-15 fusion-button-default-span fusion-button-default-type\" target=\"_self\" href=\"https:\/\/derivalenta.com\/va\/mustang-mes-enlla-del-thorong-la\/\"><span class=\"fusion-button-text awb-button__text awb-button__text--default\">Anar a la Deriva<\/span><\/a><\/div><\/div><\/li>\n<li class=\"fusion-layout-column fusion_builder_column fusion-builder-column-17 fusion-flex-column post-card fusion-grid-column fusion-post-cards-grid-column croniques-a-la-deriva\" style=\"--awb-bg-blend:overlay;--awb-bg-size:cover;--awb-flex-grow:0;--awb-flex-shrink:0;--awb-flex-grow-medium:;--awb-flex-shrink-medium:;--awb-flex-grow-small:;--awb-flex-shrink-small:;\"><div class=\"fusion-column-wrapper fusion-flex-justify-content-flex-start fusion-content-layout-column\"><div class=\"fusion-image-element\" style=\"--awb-caption-title-font-family:var(--h2_typography-font-family);--awb-caption-title-font-weight:var(--h2_typography-font-weight);--awb-caption-title-font-style:var(--h2_typography-font-style);--awb-caption-title-size:var(--h2_typography-font-size);--awb-caption-title-transform:var(--h2_typography-text-transform);--awb-caption-title-line-height:var(--h2_typography-line-height);--awb-caption-title-letter-spacing:var(--h2_typography-letter-spacing);\"><span class=\" fusion-imageframe imageframe-none imageframe-16 hover-type-none\"><a class=\"fusion-no-lightbox\" href=\"https:\/\/derivalenta.com\/va\/una-trans-germany-a-la-deriva\/\" target=\"_self\"><img decoding=\"async\" width=\"1024\" height=\"1024\" alt=\"Cicloturista davant d&#039;un portal a Berl\u00edn amb bicicleta de gravel i alforges de bikepacking\" src=\"https:\/\/derivalenta.com\/wp-content\/uploads\/2025\/10\/Una-Trans-Germany-a-la-Deriva.webp\" data-orig-src=\"https:\/\/derivalenta.com\/wp-content\/uploads\/2025\/10\/Una-Trans-Germany-a-la-Deriva.webp\" class=\"lazyload img-responsive wp-image-6665\" srcset=\"data:image\/svg+xml,%3Csvg%20xmlns%3D%27http%3A%2F%2Fwww.w3.org%2F2000%2Fsvg%27%20width%3D%271024%27%20height%3D%271024%27%20viewBox%3D%270%200%201024%201024%27%3E%3Crect%20width%3D%271024%27%20height%3D%271024%27%20fill-opacity%3D%220%22%2F%3E%3C%2Fsvg%3E\" data-srcset=\"https:\/\/derivalenta.com\/wp-content\/uploads\/2025\/10\/Una-Trans-Germany-a-la-Deriva-200x200.webp 200w, https:\/\/derivalenta.com\/wp-content\/uploads\/2025\/10\/Una-Trans-Germany-a-la-Deriva-400x400.webp 400w, https:\/\/derivalenta.com\/wp-content\/uploads\/2025\/10\/Una-Trans-Germany-a-la-Deriva-600x600.webp 600w, https:\/\/derivalenta.com\/wp-content\/uploads\/2025\/10\/Una-Trans-Germany-a-la-Deriva-800x800.webp 800w, https:\/\/derivalenta.com\/wp-content\/uploads\/2025\/10\/Una-Trans-Germany-a-la-Deriva.webp 1024w\" data-sizes=\"auto\" data-orig-sizes=\"(max-width: 640px) 100vw, 1024px\" \/><\/a><\/span><\/div><div class=\"fusion-title title fusion-title-16 fusion-sep-none fusion-title-text fusion-title-size-four\" style=\"--awb-margin-top-small:10px;--awb-margin-right-small:0px;--awb-margin-bottom-small:10px;--awb-margin-left-small:0px;\"><h4 class=\"fusion-title-heading title-heading-left\" style=\"margin:0;\">Una Trans Germany a la Deriva<\/h4><\/div><div class=\"fusion-text fusion-text-33 clamped-excerpt\"><p>A mitjan 2019 vaig trobar un text a internet que em va despertar una curiositat profunda:\n\u201cLa Bikepacking Trans Germany (BTG), de 1.600 quil\u00f2metres, recorre el sud-oest i el nord-est del pa\u00eds i va ser dissenyada per travessar les zones m\u00e9s belles i desconegudes de l\u2019interior alemany. La BTG discorre per pistes de grava r\u00e0pides, intercalades amb trams t\u00e8cnics que permeten explorar els racons m\u00e9s salvatges i remots d\u2019Alemanya, plens d\u2019hist\u00f2ria per a qui es pren el temps de mirar.\u201d<\/p>\n<\/div><div class=\"fusion-text fusion-text-34\"><p>28\/05\/26<\/p>\n<\/div><div style=\"text-align:center;\"><a class=\"fusion-button button-flat fusion-button-default-size button-default fusion-button-default button-16 fusion-button-default-span fusion-button-default-type\" target=\"_self\" href=\"https:\/\/derivalenta.com\/va\/una-trans-germany-a-la-deriva\/\"><span class=\"fusion-button-text awb-button__text awb-button__text--default\">Anar a la Deriva<\/span><\/a><\/div><\/div><\/li>\n<li class=\"fusion-layout-column fusion_builder_column fusion-builder-column-18 fusion-flex-column post-card fusion-grid-column fusion-post-cards-grid-column croniques-a-la-deriva\" style=\"--awb-bg-blend:overlay;--awb-bg-size:cover;--awb-flex-grow:0;--awb-flex-shrink:0;--awb-flex-grow-medium:;--awb-flex-shrink-medium:;--awb-flex-grow-small:;--awb-flex-shrink-small:;\"><div class=\"fusion-column-wrapper fusion-flex-justify-content-flex-start fusion-content-layout-column\"><div class=\"fusion-image-element\" style=\"--awb-caption-title-font-family:var(--h2_typography-font-family);--awb-caption-title-font-weight:var(--h2_typography-font-weight);--awb-caption-title-font-style:var(--h2_typography-font-style);--awb-caption-title-size:var(--h2_typography-font-size);--awb-caption-title-transform:var(--h2_typography-text-transform);--awb-caption-title-line-height:var(--h2_typography-line-height);--awb-caption-title-letter-spacing:var(--h2_typography-letter-spacing);\"><span class=\" fusion-imageframe imageframe-none imageframe-17 hover-type-none\"><a class=\"fusion-no-lightbox\" href=\"https:\/\/derivalenta.com\/va\/cap-de-setmana-pel-montsec\/\" target=\"_self\"><img decoding=\"async\" width=\"1024\" height=\"1024\" alt=\"Ciclistes descansant en una entrada en arc de pedra\" src=\"https:\/\/derivalenta.com\/wp-content\/uploads\/2025\/08\/Fin-de-semana-por-el-Montsec.webp\" data-orig-src=\"https:\/\/derivalenta.com\/wp-content\/uploads\/2025\/08\/Fin-de-semana-por-el-Montsec.webp\" class=\"lazyload img-responsive wp-image-3576\" srcset=\"data:image\/svg+xml,%3Csvg%20xmlns%3D%27http%3A%2F%2Fwww.w3.org%2F2000%2Fsvg%27%20width%3D%271024%27%20height%3D%271024%27%20viewBox%3D%270%200%201024%201024%27%3E%3Crect%20width%3D%271024%27%20height%3D%271024%27%20fill-opacity%3D%220%22%2F%3E%3C%2Fsvg%3E\" data-srcset=\"https:\/\/derivalenta.com\/wp-content\/uploads\/2025\/08\/Fin-de-semana-por-el-Montsec-200x200.webp 200w, https:\/\/derivalenta.com\/wp-content\/uploads\/2025\/08\/Fin-de-semana-por-el-Montsec-400x400.webp 400w, https:\/\/derivalenta.com\/wp-content\/uploads\/2025\/08\/Fin-de-semana-por-el-Montsec-600x600.webp 600w, https:\/\/derivalenta.com\/wp-content\/uploads\/2025\/08\/Fin-de-semana-por-el-Montsec-800x800.webp 800w, https:\/\/derivalenta.com\/wp-content\/uploads\/2025\/08\/Fin-de-semana-por-el-Montsec.webp 1024w\" data-sizes=\"auto\" data-orig-sizes=\"(max-width: 640px) 100vw, 1024px\" \/><\/a><\/span><\/div><div class=\"fusion-title title fusion-title-17 fusion-sep-none fusion-title-text fusion-title-size-four\" style=\"--awb-margin-top-small:10px;--awb-margin-right-small:0px;--awb-margin-bottom-small:10px;--awb-margin-left-small:0px;\"><h4 class=\"fusion-title-heading title-heading-left\" style=\"margin:0;\">Cap de setmana pel Montsec<\/h4><\/div><div class=\"fusion-text fusion-text-35 clamped-excerpt\"><p>M\u2019agrada pedalejar a soles. \u00c9s un h\u00e0bit que m\u2019aporta calma, claredat i una sensaci\u00f3 d\u2019equilibri dif\u00edcil de trobar en el soroll quotidi\u00e0. Alguns d\u2019aquests beneficis ja els he contat en aquesta Deriva.\nViatjar a soles em dona pau. Puc deixar-me portar pel meu propi ritme, sense distraccions, sense haver de negociar condicions. Si em ve de gust parar, pare. Si tinc fam, menge. Si el cos em demana descans, acampe.      <\/p>\n<\/div><div class=\"fusion-text fusion-text-36\"><p>26\/04\/26<\/p>\n<\/div><div style=\"text-align:center;\"><a class=\"fusion-button button-flat fusion-button-default-size button-default fusion-button-default button-17 fusion-button-default-span fusion-button-default-type\" target=\"_self\" href=\"https:\/\/derivalenta.com\/va\/cap-de-setmana-pel-montsec\/\"><span class=\"fusion-button-text awb-button__text awb-button__text--default\">Anar a la Deriva<\/span><\/a><\/div><\/div><\/li>\n<li class=\"fusion-layout-column fusion_builder_column fusion-builder-column-19 fusion-flex-column post-card fusion-grid-column fusion-post-cards-grid-column croniques-a-la-deriva\" style=\"--awb-bg-blend:overlay;--awb-bg-size:cover;--awb-flex-grow:0;--awb-flex-shrink:0;--awb-flex-grow-medium:;--awb-flex-shrink-medium:;--awb-flex-grow-small:;--awb-flex-shrink-small:;\"><div class=\"fusion-column-wrapper fusion-flex-justify-content-flex-start fusion-content-layout-column\"><div class=\"fusion-image-element\" style=\"--awb-caption-title-font-family:var(--h2_typography-font-family);--awb-caption-title-font-weight:var(--h2_typography-font-weight);--awb-caption-title-font-style:var(--h2_typography-font-style);--awb-caption-title-size:var(--h2_typography-font-size);--awb-caption-title-transform:var(--h2_typography-text-transform);--awb-caption-title-line-height:var(--h2_typography-line-height);--awb-caption-title-letter-spacing:var(--h2_typography-letter-spacing);\"><span class=\" fusion-imageframe imageframe-none imageframe-18 hover-type-none\"><a class=\"fusion-no-lightbox\" href=\"https:\/\/derivalenta.com\/va\/el-silenci-que-no-buscava\/\" target=\"_self\"><img decoding=\"async\" width=\"2048\" height=\"2048\" alt=\"Cartell que indica una zona lliure d\u2019estr\u00e9s\" src=\"https:\/\/derivalenta.com\/wp-content\/uploads\/2026\/03\/Cartel-indicando-zona-libre-de-estres.webp\" data-orig-src=\"https:\/\/derivalenta.com\/wp-content\/uploads\/2026\/03\/Cartel-indicando-zona-libre-de-estres.webp\" class=\"lazyload img-responsive wp-image-6321\" srcset=\"data:image\/svg+xml,%3Csvg%20xmlns%3D%27http%3A%2F%2Fwww.w3.org%2F2000%2Fsvg%27%20width%3D%272048%27%20height%3D%272048%27%20viewBox%3D%270%200%202048%202048%27%3E%3Crect%20width%3D%272048%27%20height%3D%272048%27%20fill-opacity%3D%220%22%2F%3E%3C%2Fsvg%3E\" data-srcset=\"https:\/\/derivalenta.com\/wp-content\/uploads\/2026\/03\/Cartel-indicando-zona-libre-de-estres-200x200.webp 200w, https:\/\/derivalenta.com\/wp-content\/uploads\/2026\/03\/Cartel-indicando-zona-libre-de-estres-400x400.webp 400w, https:\/\/derivalenta.com\/wp-content\/uploads\/2026\/03\/Cartel-indicando-zona-libre-de-estres-600x600.webp 600w, https:\/\/derivalenta.com\/wp-content\/uploads\/2026\/03\/Cartel-indicando-zona-libre-de-estres-800x800.webp 800w, https:\/\/derivalenta.com\/wp-content\/uploads\/2026\/03\/Cartel-indicando-zona-libre-de-estres-1200x1200.webp 1200w, https:\/\/derivalenta.com\/wp-content\/uploads\/2026\/03\/Cartel-indicando-zona-libre-de-estres.webp 2048w\" data-sizes=\"auto\" data-orig-sizes=\"(max-width: 640px) 100vw, 2048px\" \/><\/a><\/span><\/div><div class=\"fusion-title title fusion-title-18 fusion-sep-none fusion-title-text fusion-title-size-four\" style=\"--awb-margin-top-small:10px;--awb-margin-right-small:0px;--awb-margin-bottom-small:10px;--awb-margin-left-small:0px;\"><h4 class=\"fusion-title-heading title-heading-left\" style=\"margin:0;\">El silenci que no buscava<\/h4><\/div><div class=\"fusion-text fusion-text-37 clamped-excerpt\"><p>Diuen que hi ha llocs on un es queda, i llocs que es queden dins d\u2019un.<br\/>D\u2019aix\u00f2 va aquesta Deriva.<br\/>Hi ha moments en qu\u00e8 el cam\u00ed deixa de ser moviment i es converteix en pausa. No perqu\u00e8 un ho busque, sin\u00f3 perqu\u00e8 alguna cosa dins demana aturar-se.<br\/>DL Slow no deixa de sorprendre\u2019m.<br\/>Hi ha tant per descobrir en els seus m\u00e9s de 800 quil\u00f2metres que fins i tot jo, que la rec\u00f3rrec des de dins, continue trobant racons que no esperava.<br\/>Aquest va ser un d\u2019ells.<br\/>Vaig arribar amb bones refer\u00e8ncies, per\u00f2 sense imaginar fins a quin punt aquell lloc m\u2019anava a detindre. A vegades no sabem que ho necessitem fins que ja hi som.  <\/p>\n<\/div><div class=\"fusion-text fusion-text-38\"><p>29\/03\/26<\/p>\n<\/div><div style=\"text-align:center;\"><a class=\"fusion-button button-flat fusion-button-default-size button-default fusion-button-default button-18 fusion-button-default-span fusion-button-default-type\" target=\"_self\" href=\"https:\/\/derivalenta.com\/va\/el-silenci-que-no-buscava\/\"><span class=\"fusion-button-text awb-button__text awb-button__text--default\">Anar a la Deriva<\/span><\/a><\/div><\/div><\/li>\n<li class=\"fusion-layout-column fusion_builder_column fusion-builder-column-20 fusion-flex-column post-card fusion-grid-column fusion-post-cards-grid-column darrere-la-deriva\" style=\"--awb-bg-blend:overlay;--awb-bg-size:cover;--awb-flex-grow:0;--awb-flex-shrink:0;--awb-flex-grow-medium:;--awb-flex-shrink-medium:;--awb-flex-grow-small:;--awb-flex-shrink-small:;\"><div class=\"fusion-column-wrapper fusion-flex-justify-content-flex-start fusion-content-layout-column\"><div class=\"fusion-image-element\" style=\"--awb-caption-title-font-family:var(--h2_typography-font-family);--awb-caption-title-font-weight:var(--h2_typography-font-weight);--awb-caption-title-font-style:var(--h2_typography-font-style);--awb-caption-title-size:var(--h2_typography-font-size);--awb-caption-title-transform:var(--h2_typography-text-transform);--awb-caption-title-line-height:var(--h2_typography-line-height);--awb-caption-title-letter-spacing:var(--h2_typography-letter-spacing);\"><span class=\" fusion-imageframe imageframe-none imageframe-19 hover-type-none\"><a class=\"fusion-no-lightbox\" href=\"https:\/\/derivalenta.com\/va\/slowletter-de-veritat-doncs-si-tal-qual\/\" target=\"_self\"><img decoding=\"async\" width=\"1024\" height=\"1024\" alt=\"Llibreta amb un text escrit a m\u00e0 amb dos bol\u00edgrafs i un estoig\" src=\"https:\/\/derivalenta.com\/wp-content\/uploads\/2025\/11\/Libreta-con-un-texto-escrito-a-mano-junto-a-dos-boligrafos-y-un-estuche.webp\" data-orig-src=\"https:\/\/derivalenta.com\/wp-content\/uploads\/2025\/11\/Libreta-con-un-texto-escrito-a-mano-junto-a-dos-boligrafos-y-un-estuche.webp\" class=\"lazyload img-responsive wp-image-4628\" srcset=\"data:image\/svg+xml,%3Csvg%20xmlns%3D%27http%3A%2F%2Fwww.w3.org%2F2000%2Fsvg%27%20width%3D%271024%27%20height%3D%271024%27%20viewBox%3D%270%200%201024%201024%27%3E%3Crect%20width%3D%271024%27%20height%3D%271024%27%20fill-opacity%3D%220%22%2F%3E%3C%2Fsvg%3E\" data-srcset=\"https:\/\/derivalenta.com\/wp-content\/uploads\/2025\/11\/Libreta-con-un-texto-escrito-a-mano-junto-a-dos-boligrafos-y-un-estuche-200x200.webp 200w, https:\/\/derivalenta.com\/wp-content\/uploads\/2025\/11\/Libreta-con-un-texto-escrito-a-mano-junto-a-dos-boligrafos-y-un-estuche-400x400.webp 400w, https:\/\/derivalenta.com\/wp-content\/uploads\/2025\/11\/Libreta-con-un-texto-escrito-a-mano-junto-a-dos-boligrafos-y-un-estuche-600x600.webp 600w, https:\/\/derivalenta.com\/wp-content\/uploads\/2025\/11\/Libreta-con-un-texto-escrito-a-mano-junto-a-dos-boligrafos-y-un-estuche-800x800.webp 800w, https:\/\/derivalenta.com\/wp-content\/uploads\/2025\/11\/Libreta-con-un-texto-escrito-a-mano-junto-a-dos-boligrafos-y-un-estuche.webp 1024w\" data-sizes=\"auto\" data-orig-sizes=\"(max-width: 640px) 100vw, 1024px\" \/><\/a><\/span><\/div><div class=\"fusion-title title fusion-title-19 fusion-sep-none fusion-title-text fusion-title-size-four\" style=\"--awb-margin-top-small:10px;--awb-margin-right-small:0px;--awb-margin-bottom-small:10px;--awb-margin-left-small:0px;\"><h4 class=\"fusion-title-heading title-heading-left\" style=\"margin:0;\">Slowletter? De veritat? Tal qual<\/h4><\/div><div class=\"fusion-text fusion-text-39 clamped-excerpt\"><p>A vegades, quan parlem de butlletins, sembla que estiguem invocant alguna cosa antiga, quasi prehist\u00f2rica. Per\u00f2 no: la Slowletter no \u00e9s un bombardeig de not\u00edcies ni un flux constant de novetats. \u00c9s m\u00e9s b\u00e9 una foguera menuda on asseure\u2019s un moment, escoltar i deixar que les coses arriben quan hagen d\u2019arribar.  <\/p>\n<\/div><div class=\"fusion-text fusion-text-40\"><p>19\/11\/25<\/p>\n<\/div><div style=\"text-align:center;\"><a class=\"fusion-button button-flat fusion-button-default-size button-default fusion-button-default button-19 fusion-button-default-span fusion-button-default-type\" target=\"_self\" href=\"https:\/\/derivalenta.com\/va\/slowletter-de-veritat-doncs-si-tal-qual\/\"><span class=\"fusion-button-text awb-button__text awb-button__text--default\">Anar a la Deriva<\/span><\/a><\/div><\/div><\/li>\n<li class=\"fusion-layout-column fusion_builder_column fusion-builder-column-21 fusion-flex-column post-card fusion-grid-column fusion-post-cards-grid-column reflexions-a-la-deriva\" style=\"--awb-bg-blend:overlay;--awb-bg-size:cover;--awb-flex-grow:0;--awb-flex-shrink:0;--awb-flex-grow-medium:;--awb-flex-shrink-medium:;--awb-flex-grow-small:;--awb-flex-shrink-small:;\"><div class=\"fusion-column-wrapper fusion-flex-justify-content-flex-start fusion-content-layout-column\"><div class=\"fusion-image-element\" style=\"--awb-caption-title-font-family:var(--h2_typography-font-family);--awb-caption-title-font-weight:var(--h2_typography-font-weight);--awb-caption-title-font-style:var(--h2_typography-font-style);--awb-caption-title-size:var(--h2_typography-font-size);--awb-caption-title-transform:var(--h2_typography-text-transform);--awb-caption-title-line-height:var(--h2_typography-line-height);--awb-caption-title-letter-spacing:var(--h2_typography-letter-spacing);\"><span class=\" fusion-imageframe imageframe-none imageframe-20 hover-type-none\"><a class=\"fusion-no-lightbox\" href=\"https:\/\/derivalenta.com\/va\/la-bicicleta-com-a-psicologa\/\" target=\"_self\"><img decoding=\"async\" width=\"1024\" height=\"1024\" alt=\"Bicicleta de gravel amb alforges recolzada en un post amb muntanya de fons\" src=\"https:\/\/derivalenta.com\/wp-content\/uploads\/2025\/10\/Bicicleta-de-gravel-con-carretera-estrecha-de-fondo.webp\" data-orig-src=\"https:\/\/derivalenta.com\/wp-content\/uploads\/2025\/10\/Bicicleta-de-gravel-con-carretera-estrecha-de-fondo.webp\" class=\"lazyload img-responsive wp-image-3252\" srcset=\"data:image\/svg+xml,%3Csvg%20xmlns%3D%27http%3A%2F%2Fwww.w3.org%2F2000%2Fsvg%27%20width%3D%271024%27%20height%3D%271024%27%20viewBox%3D%270%200%201024%201024%27%3E%3Crect%20width%3D%271024%27%20height%3D%271024%27%20fill-opacity%3D%220%22%2F%3E%3C%2Fsvg%3E\" data-srcset=\"https:\/\/derivalenta.com\/wp-content\/uploads\/2025\/10\/Bicicleta-de-gravel-con-carretera-estrecha-de-fondo-200x200.webp 200w, https:\/\/derivalenta.com\/wp-content\/uploads\/2025\/10\/Bicicleta-de-gravel-con-carretera-estrecha-de-fondo-400x400.webp 400w, https:\/\/derivalenta.com\/wp-content\/uploads\/2025\/10\/Bicicleta-de-gravel-con-carretera-estrecha-de-fondo-600x600.webp 600w, https:\/\/derivalenta.com\/wp-content\/uploads\/2025\/10\/Bicicleta-de-gravel-con-carretera-estrecha-de-fondo-800x800.webp 800w, https:\/\/derivalenta.com\/wp-content\/uploads\/2025\/10\/Bicicleta-de-gravel-con-carretera-estrecha-de-fondo.webp 1024w\" data-sizes=\"auto\" data-orig-sizes=\"(max-width: 640px) 100vw, 1024px\" \/><\/a><\/span><\/div><div class=\"fusion-title title fusion-title-20 fusion-sep-none fusion-title-text fusion-title-size-four\" style=\"--awb-margin-top-small:10px;--awb-margin-right-small:0px;--awb-margin-bottom-small:10px;--awb-margin-left-small:0px;\"><h4 class=\"fusion-title-heading title-heading-left\" style=\"margin:0;\">La bicicleta com a psic\u00f2loga<\/h4><\/div><div class=\"fusion-text fusion-text-41 clamped-excerpt\"><p>Pot sonar a excusa, una manera de justificar per qu\u00e8 necessite una bicicleta o per qu\u00e8 necessite tant de temps per entregar-me a ella.\nPer\u00f2 no ho sent aix\u00ed. Despr\u00e9s de tants anys pedalejant, he arribat a comprendre que el ciclisme ha cuidat m\u00e9s la meua ment que el meu cos, encara que tamb\u00e9 haja fet molt per ell.<br>En realitat, totes dues van de la m\u00e0. Sabem que l\u2019exercici allibera dopamina, serotonina, endorfines\u2026 petites desc\u00e0rregues de benestar que el cos tradueix en una calma plaent.   <\/p>\n<\/div><div class=\"fusion-text fusion-text-42\"><p>29\/10\/25<\/p>\n<\/div><div style=\"text-align:center;\"><a class=\"fusion-button button-flat fusion-button-default-size button-default fusion-button-default button-20 fusion-button-default-span fusion-button-default-type\" target=\"_self\" href=\"https:\/\/derivalenta.com\/va\/la-bicicleta-com-a-psicologa\/\"><span class=\"fusion-button-text awb-button__text awb-button__text--default\">Anar a la Deriva<\/span><\/a><\/div><\/div><\/li>\n<li class=\"fusion-layout-column fusion_builder_column fusion-builder-column-22 fusion-flex-column post-card fusion-grid-column fusion-post-cards-grid-column reflexions-a-la-deriva\" style=\"--awb-bg-blend:overlay;--awb-bg-size:cover;--awb-flex-grow:0;--awb-flex-shrink:0;--awb-flex-grow-medium:;--awb-flex-shrink-medium:;--awb-flex-grow-small:;--awb-flex-shrink-small:;\"><div class=\"fusion-column-wrapper fusion-flex-justify-content-flex-start fusion-content-layout-column\"><div class=\"fusion-image-element\" style=\"--awb-caption-title-font-family:var(--h2_typography-font-family);--awb-caption-title-font-weight:var(--h2_typography-font-weight);--awb-caption-title-font-style:var(--h2_typography-font-style);--awb-caption-title-size:var(--h2_typography-font-size);--awb-caption-title-transform:var(--h2_typography-text-transform);--awb-caption-title-line-height:var(--h2_typography-line-height);--awb-caption-title-letter-spacing:var(--h2_typography-letter-spacing);\"><span class=\" fusion-imageframe imageframe-none imageframe-21 hover-type-none\"><a class=\"fusion-no-lightbox\" href=\"https:\/\/derivalenta.com\/va\/una-camera-per-al-viatge\/\" target=\"_self\"><img decoding=\"async\" width=\"1024\" height=\"1024\" alt=\"Autoretrat en finestra\" src=\"https:\/\/derivalenta.com\/wp-content\/uploads\/2025\/09\/Autorretrato-en-ventana.webp\" data-orig-src=\"https:\/\/derivalenta.com\/wp-content\/uploads\/2025\/09\/Autorretrato-en-ventana.webp\" class=\"lazyload img-responsive wp-image-2991\" srcset=\"data:image\/svg+xml,%3Csvg%20xmlns%3D%27http%3A%2F%2Fwww.w3.org%2F2000%2Fsvg%27%20width%3D%271024%27%20height%3D%271024%27%20viewBox%3D%270%200%201024%201024%27%3E%3Crect%20width%3D%271024%27%20height%3D%271024%27%20fill-opacity%3D%220%22%2F%3E%3C%2Fsvg%3E\" data-srcset=\"https:\/\/derivalenta.com\/wp-content\/uploads\/2025\/09\/Autorretrato-en-ventana-200x200.webp 200w, https:\/\/derivalenta.com\/wp-content\/uploads\/2025\/09\/Autorretrato-en-ventana-400x400.webp 400w, https:\/\/derivalenta.com\/wp-content\/uploads\/2025\/09\/Autorretrato-en-ventana-600x600.webp 600w, https:\/\/derivalenta.com\/wp-content\/uploads\/2025\/09\/Autorretrato-en-ventana-800x800.webp 800w, https:\/\/derivalenta.com\/wp-content\/uploads\/2025\/09\/Autorretrato-en-ventana.webp 1024w\" data-sizes=\"auto\" data-orig-sizes=\"(max-width: 640px) 100vw, 1024px\" \/><\/a><\/span><\/div><div class=\"fusion-title title fusion-title-21 fusion-sep-none fusion-title-text fusion-title-size-four\" style=\"--awb-margin-top-small:10px;--awb-margin-right-small:0px;--awb-margin-bottom-small:10px;--awb-margin-left-small:0px;\"><h4 class=\"fusion-title-heading title-heading-left\" style=\"margin:0;\">Una c\u00e0mera per al viatge \ud83d\udcf8<\/h4><\/div><div class=\"fusion-text fusion-text-43 clamped-excerpt\"><p>Sempre m\u2019ha agradat la fotografia. A tots ens agrada guardar els moments feli\u00e7os (viatges, trobades, persones), potser perqu\u00e8 intu\u00efm que la mem\u00f2ria, amb el temps, tamb\u00e9 es cansa.\nEn els meus primers viatges en bicicleta ja vaig comen\u00e7ar a preocupar-me <\/p>\n<\/div><div class=\"fusion-text fusion-text-44\"><p>19\/10\/25<\/p>\n<\/div><div style=\"text-align:center;\"><a class=\"fusion-button button-flat fusion-button-default-size button-default fusion-button-default button-21 fusion-button-default-span fusion-button-default-type\" target=\"_self\" href=\"https:\/\/derivalenta.com\/va\/una-camera-per-al-viatge\/\"><span class=\"fusion-button-text awb-button__text awb-button__text--default\">Anar a la Deriva<\/span><\/a><\/div><\/div><\/li>\n<li class=\"fusion-layout-column fusion_builder_column fusion-builder-column-23 fusion-flex-column post-card fusion-grid-column fusion-post-cards-grid-column darrere-la-deriva\" style=\"--awb-bg-blend:overlay;--awb-bg-size:cover;--awb-flex-grow:0;--awb-flex-shrink:0;--awb-flex-grow-medium:;--awb-flex-shrink-medium:;--awb-flex-grow-small:;--awb-flex-shrink-small:;\"><div class=\"fusion-column-wrapper fusion-flex-justify-content-flex-start fusion-content-layout-column\"><div class=\"fusion-image-element\" style=\"--awb-caption-title-font-family:var(--h2_typography-font-family);--awb-caption-title-font-weight:var(--h2_typography-font-weight);--awb-caption-title-font-style:var(--h2_typography-font-style);--awb-caption-title-size:var(--h2_typography-font-size);--awb-caption-title-transform:var(--h2_typography-text-transform);--awb-caption-title-line-height:var(--h2_typography-line-height);--awb-caption-title-letter-spacing:var(--h2_typography-letter-spacing);\"><span class=\" fusion-imageframe imageframe-none imageframe-22 hover-type-none\"><a class=\"fusion-no-lightbox\" href=\"https:\/\/derivalenta.com\/va\/un-telegram-per-a-unir-los-a-tots\/\" target=\"_self\" aria-label=\"Telegram DL logo black def\"><img decoding=\"async\" width=\"1024\" height=\"1024\" alt=\"Imatge amb el logotip de Telegram sobre una tenda de campanya, amb un cicloturista i una fot\u00f2grafa fotografiant una \u00e0guila.\" src=\"https:\/\/derivalenta.com\/wp-content\/uploads\/2025\/09\/Telegram-DL-logo-black-def.webp\" data-orig-src=\"https:\/\/derivalenta.com\/wp-content\/uploads\/2025\/09\/Telegram-DL-logo-black-def.webp\" class=\"lazyload img-responsive wp-image-2587\" srcset=\"data:image\/svg+xml,%3Csvg%20xmlns%3D%27http%3A%2F%2Fwww.w3.org%2F2000%2Fsvg%27%20width%3D%271024%27%20height%3D%271024%27%20viewBox%3D%270%200%201024%201024%27%3E%3Crect%20width%3D%271024%27%20height%3D%271024%27%20fill-opacity%3D%220%22%2F%3E%3C%2Fsvg%3E\" data-srcset=\"https:\/\/derivalenta.com\/wp-content\/uploads\/2025\/09\/Telegram-DL-logo-black-def-200x200.webp 200w, https:\/\/derivalenta.com\/wp-content\/uploads\/2025\/09\/Telegram-DL-logo-black-def-400x400.webp 400w, https:\/\/derivalenta.com\/wp-content\/uploads\/2025\/09\/Telegram-DL-logo-black-def-600x600.webp 600w, https:\/\/derivalenta.com\/wp-content\/uploads\/2025\/09\/Telegram-DL-logo-black-def-800x800.webp 800w, https:\/\/derivalenta.com\/wp-content\/uploads\/2025\/09\/Telegram-DL-logo-black-def.webp 1024w\" data-sizes=\"auto\" data-orig-sizes=\"(max-width: 640px) 100vw, 1024px\" \/><\/a><\/span><\/div><div class=\"fusion-title title fusion-title-22 fusion-sep-none fusion-title-text fusion-title-size-four\" style=\"--awb-margin-top-small:10px;--awb-margin-right-small:0px;--awb-margin-bottom-small:10px;--awb-margin-left-small:0px;\"><h4 class=\"fusion-title-heading title-heading-left\" style=\"margin:0;\">Un Telegram per a unir-los a tots<\/h4><\/div><div class=\"fusion-text fusion-text-45 clamped-excerpt\"><p>S\u00f3c fan dels f\u00f2rums. S\u00ed, ho s\u00e9, segur que sona antiquat. Potser vols dir-ne amb un eufemisme com vintage, perqu\u00e8 no em senta tan desfassat. No passa res: jo tamb\u00e9 tinc les meues nost\u00e0lgies, i en aquest cas em reconec sense problemes com alg\u00fa de l\u2019antiga escola.   <\/p>\n<\/div><div class=\"fusion-text fusion-text-46\"><p>28\/09\/25<\/p>\n<\/div><div style=\"text-align:center;\"><a class=\"fusion-button button-flat fusion-button-default-size button-default fusion-button-default button-22 fusion-button-default-span fusion-button-default-type\" target=\"_self\" href=\"https:\/\/derivalenta.com\/va\/un-telegram-per-a-unir-los-a-tots\/\"><span class=\"fusion-button-text awb-button__text awb-button__text--default\">Anar a la Deriva<\/span><\/a><\/div><\/div><\/li>\n<li class=\"fusion-layout-column fusion_builder_column fusion-builder-column-24 fusion-flex-column post-card fusion-grid-column fusion-post-cards-grid-column darrere-la-deriva\" style=\"--awb-bg-blend:overlay;--awb-bg-size:cover;--awb-flex-grow:0;--awb-flex-shrink:0;--awb-flex-grow-medium:;--awb-flex-shrink-medium:;--awb-flex-grow-small:;--awb-flex-shrink-small:;\"><div class=\"fusion-column-wrapper fusion-flex-justify-content-flex-start fusion-content-layout-column\"><div class=\"fusion-image-element\" style=\"--awb-caption-title-font-family:var(--h2_typography-font-family);--awb-caption-title-font-weight:var(--h2_typography-font-weight);--awb-caption-title-font-style:var(--h2_typography-font-style);--awb-caption-title-size:var(--h2_typography-font-size);--awb-caption-title-transform:var(--h2_typography-text-transform);--awb-caption-title-line-height:var(--h2_typography-line-height);--awb-caption-title-letter-spacing:var(--h2_typography-letter-spacing);\"><span class=\" fusion-imageframe imageframe-none imageframe-23 hover-type-none\"><a class=\"fusion-no-lightbox\" href=\"https:\/\/derivalenta.com\/va\/per-que-la-ruta-esta-dividida-en-bucles\/\" target=\"_self\"><img decoding=\"async\" width=\"1024\" height=\"1024\" alt=\"Bucles a DL Slow\" src=\"https:\/\/derivalenta.com\/wp-content\/uploads\/2025\/11\/Bucles-en-DL-Slow.webp\" data-orig-src=\"https:\/\/derivalenta.com\/wp-content\/uploads\/2025\/11\/Bucles-en-DL-Slow.webp\" class=\"lazyload img-responsive wp-image-4944\" srcset=\"data:image\/svg+xml,%3Csvg%20xmlns%3D%27http%3A%2F%2Fwww.w3.org%2F2000%2Fsvg%27%20width%3D%271024%27%20height%3D%271024%27%20viewBox%3D%270%200%201024%201024%27%3E%3Crect%20width%3D%271024%27%20height%3D%271024%27%20fill-opacity%3D%220%22%2F%3E%3C%2Fsvg%3E\" data-srcset=\"https:\/\/derivalenta.com\/wp-content\/uploads\/2025\/11\/Bucles-en-DL-Slow-200x200.webp 200w, https:\/\/derivalenta.com\/wp-content\/uploads\/2025\/11\/Bucles-en-DL-Slow-400x400.webp 400w, https:\/\/derivalenta.com\/wp-content\/uploads\/2025\/11\/Bucles-en-DL-Slow-600x600.webp 600w, https:\/\/derivalenta.com\/wp-content\/uploads\/2025\/11\/Bucles-en-DL-Slow-800x800.webp 800w, https:\/\/derivalenta.com\/wp-content\/uploads\/2025\/11\/Bucles-en-DL-Slow.webp 1024w\" data-sizes=\"auto\" data-orig-sizes=\"(max-width: 640px) 100vw, 1024px\" \/><\/a><\/span><\/div><div class=\"fusion-title title fusion-title-23 fusion-sep-none fusion-title-text fusion-title-size-four\" style=\"--awb-margin-top-small:10px;--awb-margin-right-small:0px;--awb-margin-bottom-small:10px;--awb-margin-left-small:0px;\"><h4 class=\"fusion-title-heading title-heading-left\" style=\"margin:0;\">Per qu\u00e8 DL Slow est\u00e0 plantejada en bucles?<\/h4><\/div><div class=\"fusion-text fusion-text-47 clamped-excerpt\"><p>Deriva Lenta Slowbiking naix de la meua manera real de viatjar. S\u00f3c el primer que no disposa del temps que voldria per rec\u00f3rrer totes les rutes que em ronden pel cap. Treballe a jornada completa i tinc 24 dies laborables de vacances a l\u2019any. Tot i aix\u00ed, he pogut escapar-me durant dues, i fins i tot tres setmanes seguides, per fer rutes de llarg recorregut. Per\u00f2 eixos viatges arriben d\u2019un en un, espaiats en anys diferents, quasi com xicotets tresors que costa tornar a viure.<\/p>\n<\/div><div class=\"fusion-text fusion-text-48\"><p>06\/09\/25<\/p>\n<\/div><div style=\"text-align:center;\"><a class=\"fusion-button button-flat fusion-button-default-size button-default fusion-button-default button-23 fusion-button-default-span fusion-button-default-type\" target=\"_self\" href=\"https:\/\/derivalenta.com\/va\/per-que-la-ruta-esta-dividida-en-bucles\/\"><span class=\"fusion-button-text awb-button__text awb-button__text--default\">Anar a la Deriva<\/span><\/a><\/div><\/div><\/li>\n<li class=\"fusion-layout-column fusion_builder_column fusion-builder-column-25 fusion-flex-column post-card fusion-grid-column fusion-post-cards-grid-column darrere-la-deriva\" style=\"--awb-bg-blend:overlay;--awb-bg-size:cover;--awb-flex-grow:0;--awb-flex-shrink:0;--awb-flex-grow-medium:;--awb-flex-shrink-medium:;--awb-flex-grow-small:;--awb-flex-shrink-small:;\"><div class=\"fusion-column-wrapper fusion-flex-justify-content-flex-start fusion-content-layout-column\"><div class=\"fusion-image-element\" style=\"--awb-caption-title-font-family:var(--h2_typography-font-family);--awb-caption-title-font-weight:var(--h2_typography-font-weight);--awb-caption-title-font-style:var(--h2_typography-font-style);--awb-caption-title-size:var(--h2_typography-font-size);--awb-caption-title-transform:var(--h2_typography-text-transform);--awb-caption-title-line-height:var(--h2_typography-line-height);--awb-caption-title-letter-spacing:var(--h2_typography-letter-spacing);\"><span class=\" fusion-imageframe imageframe-none imageframe-24 hover-type-none\"><a class=\"fusion-no-lightbox\" href=\"https:\/\/derivalenta.com\/va\/inspiracio-sonora-en-els-relats-visuals\/\" target=\"_self\"><img decoding=\"async\" width=\"1024\" height=\"1024\" alt=\"Bicicleta amb rastre d&#039;estrelles i notes musicals\" src=\"https:\/\/derivalenta.com\/wp-content\/uploads\/2025\/08\/Bicicleta-con-rastro-de-estrellas-y-notas-musicales.webp\" data-orig-src=\"https:\/\/derivalenta.com\/wp-content\/uploads\/2025\/08\/Bicicleta-con-rastro-de-estrellas-y-notas-musicales.webp\" class=\"lazyload img-responsive wp-image-4670\" srcset=\"data:image\/svg+xml,%3Csvg%20xmlns%3D%27http%3A%2F%2Fwww.w3.org%2F2000%2Fsvg%27%20width%3D%271024%27%20height%3D%271024%27%20viewBox%3D%270%200%201024%201024%27%3E%3Crect%20width%3D%271024%27%20height%3D%271024%27%20fill-opacity%3D%220%22%2F%3E%3C%2Fsvg%3E\" data-srcset=\"https:\/\/derivalenta.com\/wp-content\/uploads\/2025\/08\/Bicicleta-con-rastro-de-estrellas-y-notas-musicales-200x200.webp 200w, https:\/\/derivalenta.com\/wp-content\/uploads\/2025\/08\/Bicicleta-con-rastro-de-estrellas-y-notas-musicales-400x400.webp 400w, https:\/\/derivalenta.com\/wp-content\/uploads\/2025\/08\/Bicicleta-con-rastro-de-estrellas-y-notas-musicales-600x600.webp 600w, https:\/\/derivalenta.com\/wp-content\/uploads\/2025\/08\/Bicicleta-con-rastro-de-estrellas-y-notas-musicales-800x800.webp 800w, https:\/\/derivalenta.com\/wp-content\/uploads\/2025\/08\/Bicicleta-con-rastro-de-estrellas-y-notas-musicales.webp 1024w\" data-sizes=\"auto\" data-orig-sizes=\"(max-width: 640px) 100vw, 1024px\" \/><\/a><\/span><\/div><div class=\"fusion-title title fusion-title-24 fusion-sep-none fusion-title-text fusion-title-size-four\" style=\"--awb-margin-top-small:10px;--awb-margin-right-small:0px;--awb-margin-bottom-small:10px;--awb-margin-left-small:0px;\"><h4 class=\"fusion-title-heading title-heading-left\" style=\"margin:0;\">Inspiraci\u00f3 sonora en els Relats Visuals<\/h4><\/div><div class=\"fusion-text fusion-text-49 clamped-excerpt\"><p>Sempre he cregut que la m\u00fasica ho complementa tot. A mi, almenys, m\u2019acompanya des de bon mat\u00ed: quan isc cap a la faena solc escoltar piano o m\u00fasica cl\u00e0ssica per comen\u00e7ar el dia amb un \u00e0nim suau, temperat. Despr\u00e9s, a mesura que avancen les hores, tamb\u00e9 canvia la banda sonora. La m\u00fasica s\u2019adapta al que faig, al que sent, al que necessite.   <\/p>\n<\/div><div class=\"fusion-text fusion-text-50\"><p>25\/08\/25<\/p>\n<\/div><div style=\"text-align:center;\"><a class=\"fusion-button button-flat fusion-button-default-size button-default fusion-button-default button-24 fusion-button-default-span fusion-button-default-type\" target=\"_self\" href=\"https:\/\/derivalenta.com\/va\/inspiracio-sonora-en-els-relats-visuals\/\"><span class=\"fusion-button-text awb-button__text awb-button__text--default\">Anar a la Deriva<\/span><\/a><\/div><\/div><\/li>\n<li class=\"fusion-layout-column fusion_builder_column fusion-builder-column-26 fusion-flex-column post-card fusion-grid-column fusion-post-cards-grid-column darrere-la-deriva\" style=\"--awb-bg-blend:overlay;--awb-bg-size:cover;--awb-flex-grow:0;--awb-flex-shrink:0;--awb-flex-grow-medium:;--awb-flex-shrink-medium:;--awb-flex-grow-small:;--awb-flex-shrink-small:;\"><div class=\"fusion-column-wrapper fusion-flex-justify-content-flex-start fusion-content-layout-column\"><div class=\"fusion-image-element\" style=\"--awb-caption-title-font-family:var(--h2_typography-font-family);--awb-caption-title-font-weight:var(--h2_typography-font-weight);--awb-caption-title-font-style:var(--h2_typography-font-style);--awb-caption-title-size:var(--h2_typography-font-size);--awb-caption-title-transform:var(--h2_typography-text-transform);--awb-caption-title-line-height:var(--h2_typography-line-height);--awb-caption-title-letter-spacing:var(--h2_typography-letter-spacing);\"><span class=\" fusion-imageframe imageframe-none imageframe-25 hover-type-none\"><a class=\"fusion-no-lightbox\" href=\"https:\/\/derivalenta.com\/va\/per-que-wikiloc-i-no-una-altra-aplicacio\/\" target=\"_self\"><img decoding=\"async\" width=\"2048\" height=\"2048\" alt=\"Ciclista tra\u00e7ant una l\u00ednia d\u2019un punt a un altre amb la bicicleta, entre els textos Wikiloc, Ride with GPS i Komoot.\" src=\"https:\/\/derivalenta.com\/wp-content\/uploads\/2025\/08\/Ciclista-SUPERDEF-estatico-2048.webp\" data-orig-src=\"https:\/\/derivalenta.com\/wp-content\/uploads\/2025\/08\/Ciclista-SUPERDEF-estatico-2048.webp\" class=\"lazyload img-responsive wp-image-3601\" srcset=\"data:image\/svg+xml,%3Csvg%20xmlns%3D%27http%3A%2F%2Fwww.w3.org%2F2000%2Fsvg%27%20width%3D%272048%27%20height%3D%272048%27%20viewBox%3D%270%200%202048%202048%27%3E%3Crect%20width%3D%272048%27%20height%3D%272048%27%20fill-opacity%3D%220%22%2F%3E%3C%2Fsvg%3E\" data-srcset=\"https:\/\/derivalenta.com\/wp-content\/uploads\/2025\/08\/Ciclista-SUPERDEF-estatico-2048-200x200.webp 200w, https:\/\/derivalenta.com\/wp-content\/uploads\/2025\/08\/Ciclista-SUPERDEF-estatico-2048-400x400.webp 400w, https:\/\/derivalenta.com\/wp-content\/uploads\/2025\/08\/Ciclista-SUPERDEF-estatico-2048-600x600.webp 600w, https:\/\/derivalenta.com\/wp-content\/uploads\/2025\/08\/Ciclista-SUPERDEF-estatico-2048-800x800.webp 800w, https:\/\/derivalenta.com\/wp-content\/uploads\/2025\/08\/Ciclista-SUPERDEF-estatico-2048-1200x1200.webp 1200w, https:\/\/derivalenta.com\/wp-content\/uploads\/2025\/08\/Ciclista-SUPERDEF-estatico-2048.webp 2048w\" data-sizes=\"auto\" data-orig-sizes=\"(max-width: 640px) 100vw, 2048px\" \/><\/a><\/span><\/div><div class=\"fusion-title title fusion-title-25 fusion-sep-none fusion-title-text fusion-title-size-four\" style=\"--awb-margin-top-small:10px;--awb-margin-right-small:0px;--awb-margin-bottom-small:10px;--awb-margin-left-small:0px;\"><h4 class=\"fusion-title-heading title-heading-left\" style=\"margin:0;\">Per qu\u00e8 Wikiloc i no una altra aplicaci\u00f3?<\/h4><\/div><div class=\"fusion-text fusion-text-51 clamped-excerpt\"><p>Quan vaig publicar aquesta entrada l\u2019agost de 2025, la resposta em semblava senzilla: Wikiloc era suficient. Vaig pujar la meua primera ruta a Wikiloc el 2012 i, des d\u2019aleshores, sempre que he volgut descobrir un cam\u00ed o deixar empremta del meu, aportant aix\u00ed el meu granet de sorra a l\u2019\u00abesperit Wiki\u00bb, he tornat a aquella mateixa plataforma. \u00c9s la que conec, la que em resulta c\u00f2moda i la que m\u2019ha acompanyat durant m\u00e9s d\u2019una d\u00e8cada. Durant molt de temps tampoc vaig sentir la necessitat de multiplicar perfils ni de dispersar el mateix track entre diferents aplicacions. Les rutes de Deriva Lenta es podien descarregar directament des de la web i cadasc\u00fa era lliure d\u2019utilitzar-les a Wikiloc, Komoot, Ride with GPS o qualsevol altra eina. Per\u00f2 Deriva Lenta tamb\u00e9 ha anat evolucionant.  <\/p>\n<\/div><div class=\"fusion-text fusion-text-52\"><p>25\/08\/25<\/p>\n<\/div><div style=\"text-align:center;\"><a class=\"fusion-button button-flat fusion-button-default-size button-default fusion-button-default button-25 fusion-button-default-span fusion-button-default-type\" target=\"_self\" href=\"https:\/\/derivalenta.com\/va\/per-que-wikiloc-i-no-una-altra-aplicacio\/\"><span class=\"fusion-button-text awb-button__text awb-button__text--default\">Anar a la Deriva<\/span><\/a><\/div><\/div><\/li>\n<li class=\"fusion-layout-column fusion_builder_column fusion-builder-column-27 fusion-flex-column post-card fusion-grid-column fusion-post-cards-grid-column croniques-a-la-deriva\" style=\"--awb-bg-blend:overlay;--awb-bg-size:cover;--awb-flex-grow:0;--awb-flex-shrink:0;--awb-flex-grow-medium:;--awb-flex-shrink-medium:;--awb-flex-grow-small:;--awb-flex-shrink-small:;\"><div class=\"fusion-column-wrapper fusion-flex-justify-content-flex-start fusion-content-layout-column\"><div class=\"fusion-image-element\" style=\"--awb-caption-title-font-family:var(--h2_typography-font-family);--awb-caption-title-font-weight:var(--h2_typography-font-weight);--awb-caption-title-font-style:var(--h2_typography-font-style);--awb-caption-title-size:var(--h2_typography-font-size);--awb-caption-title-transform:var(--h2_typography-text-transform);--awb-caption-title-line-height:var(--h2_typography-line-height);--awb-caption-title-letter-spacing:var(--h2_typography-letter-spacing);\"><span class=\" fusion-imageframe imageframe-none imageframe-26 hover-type-none\"><a class=\"fusion-no-lightbox\" href=\"https:\/\/derivalenta.com\/va\/dl-slowbiking-cronica\/\" target=\"_self\" aria-label=\"Finna-y-masia-de-fondo 1-1\"><img decoding=\"async\" width=\"1024\" height=\"1024\" alt=\"Bicicleta de gravel i masia de fons\" src=\"https:\/\/derivalenta.com\/wp-content\/uploads\/2025\/08\/Finna-y-masia-de-fondo-1-1.webp\" data-orig-src=\"https:\/\/derivalenta.com\/wp-content\/uploads\/2025\/08\/Finna-y-masia-de-fondo-1-1.webp\" class=\"lazyload img-responsive wp-image-2815\" srcset=\"data:image\/svg+xml,%3Csvg%20xmlns%3D%27http%3A%2F%2Fwww.w3.org%2F2000%2Fsvg%27%20width%3D%271024%27%20height%3D%271024%27%20viewBox%3D%270%200%201024%201024%27%3E%3Crect%20width%3D%271024%27%20height%3D%271024%27%20fill-opacity%3D%220%22%2F%3E%3C%2Fsvg%3E\" data-srcset=\"https:\/\/derivalenta.com\/wp-content\/uploads\/2025\/08\/Finna-y-masia-de-fondo-1-1-200x200.webp 200w, https:\/\/derivalenta.com\/wp-content\/uploads\/2025\/08\/Finna-y-masia-de-fondo-1-1-400x400.webp 400w, https:\/\/derivalenta.com\/wp-content\/uploads\/2025\/08\/Finna-y-masia-de-fondo-1-1-600x600.webp 600w, https:\/\/derivalenta.com\/wp-content\/uploads\/2025\/08\/Finna-y-masia-de-fondo-1-1-800x800.webp 800w, https:\/\/derivalenta.com\/wp-content\/uploads\/2025\/08\/Finna-y-masia-de-fondo-1-1.webp 1024w\" data-sizes=\"auto\" data-orig-sizes=\"(max-width: 640px) 100vw, 1024px\" \/><\/a><\/span><\/div><div class=\"fusion-title title fusion-title-26 fusion-sep-none fusion-title-text fusion-title-size-four\" style=\"--awb-margin-top-small:10px;--awb-margin-right-small:0px;--awb-margin-bottom-small:10px;--awb-margin-left-small:0px;\"><h4 class=\"fusion-title-heading title-heading-left\" style=\"margin:0;\">Deriva Lenta Slowbiking<\/h4><\/div><div class=\"fusion-text fusion-text-53 clamped-excerpt\"><p>Imagina disposar d\u2019uns dies per a lliurar-te a una ruta en bicicleta. Tu, la bicicleta i el cam\u00ed. Imagina avan\u00e7ar a poc a poc, gaudint d\u2019all\u00f2 que tant estimes: desconnectar per a reconnectar-te a trav\u00e9s de la natura. Sense presses, sense l\u2019obligaci\u00f3 d\u2019acabar el recorregut si el temps no arriba. No importa: la ruta ser\u00e0 pacient, sabr\u00e0 esperar sense enfadar-se. L\u2019important \u00e9s gaudir de cada quil\u00f2metre, de cada instant.     <\/p>\n<\/div><div class=\"fusion-text fusion-text-54\"><p>21\/08\/25<\/p>\n<\/div><div style=\"text-align:center;\"><a class=\"fusion-button button-flat fusion-button-default-size button-default fusion-button-default button-26 fusion-button-default-span fusion-button-default-type\" target=\"_self\" href=\"https:\/\/derivalenta.com\/va\/dl-slowbiking-cronica\/\"><span class=\"fusion-button-text awb-button__text awb-button__text--default\">Anar a la Deriva<\/span><\/a><\/div><\/div><\/li>\n<\/ul><\/div><\/div><\/div><\/div><\/div><\/p>\n","protected":false},"excerpt":{"rendered":"","protected":false},"author":1,"featured_media":0,"parent":0,"menu_order":0,"comment_status":"closed","ping_status":"closed","template":"100-width.php","meta":{"_acf_changed":false,"footnotes":""},"class_list":["post-2543","page","type-page","status-publish","hentry"],"acf":[],"_links":{"self":[{"href":"https:\/\/derivalenta.com\/va\/wp-json\/wp\/v2\/pages\/2543","targetHints":{"allow":["GET"]}}],"collection":[{"href":"https:\/\/derivalenta.com\/va\/wp-json\/wp\/v2\/pages"}],"about":[{"href":"https:\/\/derivalenta.com\/va\/wp-json\/wp\/v2\/types\/page"}],"author":[{"embeddable":true,"href":"https:\/\/derivalenta.com\/va\/wp-json\/wp\/v2\/users\/1"}],"replies":[{"embeddable":true,"href":"https:\/\/derivalenta.com\/va\/wp-json\/wp\/v2\/comments?post=2543"}],"version-history":[{"count":15,"href":"https:\/\/derivalenta.com\/va\/wp-json\/wp\/v2\/pages\/2543\/revisions"}],"predecessor-version":[{"id":6631,"href":"https:\/\/derivalenta.com\/va\/wp-json\/wp\/v2\/pages\/2543\/revisions\/6631"}],"wp:attachment":[{"href":"https:\/\/derivalenta.com\/va\/wp-json\/wp\/v2\/media?parent=2543"}],"curies":[{"name":"wp","href":"https:\/\/api.w.org\/{rel}","templated":true}]}}